{"id":498,"date":"2025-01-08T13:02:32","date_gmt":"2025-01-08T12:02:32","guid":{"rendered":"https:\/\/pielgrzymkagorzowska.diecezjazg.pl\/?page_id=498"},"modified":"2026-01-12T10:56:24","modified_gmt":"2026-01-12T09:56:24","slug":"konkurs","status":"publish","type":"page","link":"https:\/\/pielgrzymkagorzowska.diecezjazg.pl\/index.php\/konkurs\/","title":{"rendered":"Konkurs"},"content":{"rendered":"<p style=\"text-align: center;\"><span class=\"Apple-converted-space\">\u00a0<\/span><b>Regulamin Konkursu na plakat 44.Pieszej Pielgrzymki z Gorzowa Wielkopolskiego na Jasn<\/b><b>\u0105 <\/b><b>G\u00f3r<\/b><b>\u0119<span class=\"Apple-converted-space\">\u00a0<\/span><\/b><b><\/b><\/p>\n<p style=\"text-align: center;\"><b>\u201eZ Maryj<\/b><b>\u0105 <\/b><b>niesiemy Jezusa <\/b><b>\u015b<\/b><b>wiatu\u201d<span class=\"Apple-converted-space\">\u00a0<\/span><\/b><b><\/b><\/p>\n<p style=\"text-align: center;\"><b>\u00a7 1.<span class=\"Apple-converted-space\">\u00a0<\/span><\/b><b><\/b><\/p>\n<p style=\"text-align: center;\"><b>Postanowienia og\u00f3lne<span class=\"Apple-converted-space\">\u00a0<\/span><\/b><b><\/b><\/p>\n<p style=\"text-align: center;\"><b>1. Organizatorem Konkursu na plakat 44.Pieszej Pielgrzymki z Gorzowa Wielkopolskiego na Jasn<\/b><b>\u0105 <\/b><b>G\u00f3r<\/b><b>\u0119<\/b>, zwanego dalej Konkursem, jest Zarz\u0105d Pielgrzymki z siedzib\u0105 w Gorzowie Wielkopolskim ,ul. Czere\u015bniowa 15, 66-400 Gorz\u00f3w Wielkopolski.<span class=\"Apple-converted-space\">\u00a0<\/span><\/p>\n<p style=\"text-align: center;\">2. <b>Celami Konkursu <\/b>s\u0105: inspiracja do dzia\u0142a\u0144 artystycznych szerokiej grupy os\u00f3b zwi\u0105zanych z ide\u0105 PPT, uzyskanie najlepszej propozycji plakatu na 44. Piesz\u0105 Pielgrzymk\u0119 z Gorzowa Wlkp. na Jasn\u0105 G\u00f3r\u0119 , promocja i wsparcie utalentowanych artystycznie os\u00f3b.<span class=\"Apple-converted-space\">\u00a0<\/span><\/p>\n<p style=\"text-align: center;\">3. Konkurs odbywa si\u0119 na zasadach okre\u015blonych niniejszym Regulaminem i zgodnie z powszechnie obowi\u0105zuj\u0105cymi przepisami prawa.<span class=\"Apple-converted-space\">\u00a0<\/span><\/p>\n<p style=\"text-align: center;\">4. Regulamin Konkursu dost\u0119pny jest <b>na stronie internetowej pielgrzymki<\/b>: <a href=\"https:\/\/pielgrzymkagorzowska.diecezjazg.pl\/index.php\/konkurs\/\" target=\"_blank\" rel=\"noopener\">https:\/\/pielgrzymkagorzowska.diecezjazg.pl\/index.php\/konkurs\/<span class=\"Apple-converted-space\">\u00a0<\/span><\/a><\/p>\n<p style=\"text-align: center;\">5. Nades\u0142anie plakatu na Konkurs jest r\u00f3wnoznaczne <b>z akceptacj<\/b><b>\u0105 <\/b><b>wszystkich postanowie<\/b><b>\u0144 <\/b><b>niniejszego Regulaminu<\/b>.<span class=\"Apple-converted-space\">\u00a0<\/span><\/p>\n<p style=\"text-align: center;\">6. Niniejszy Regulamin <b>dotyczy edycji Konkursu w 2026 r.<span class=\"Apple-converted-space\">\u00a0<\/span><\/b><b><\/b><\/p>\n<p style=\"text-align: center;\"><b>\u00a7 2.<span class=\"Apple-converted-space\">\u00a0<\/span><\/b><b><\/b><\/p>\n<p style=\"text-align: center;\"><b>Warunki uczestnictwa<span class=\"Apple-converted-space\">\u00a0<\/span><\/b><b><\/b><\/p>\n<p style=\"text-align: center;\">1. Konkurs adresowany jest do grafik\u00f3w komputerowych, artyst\u00f3w malarzy, amator\u00f3w lub os\u00f3b pracuj\u0105cych zawodowo, <b>bez ogranicze<\/b><b>\u0144 <\/b><b>wiekowych<\/b>. Prace nades\u0142ane na Konkurs musz\u0105 by\u0107 pracami autorskimi, nigdzie wcze\u015bniej niepublikowanymi i nie przedstawianymi na innych konkursach. <b>Nades<\/b><b>\u0142<\/b><b>anie pracy na Konkurs jest jednoznaczne ze z<\/b><b>\u0142<\/b><b>o<\/b><b>\u017c<\/b><b>eniem deklaracji o tych faktach.<span class=\"Apple-converted-space\">\u00a0<\/span><\/b><b><\/b><\/p>\n<p style=\"text-align: center;\">2. Przyst\u0105pienie do Konkursu oznacza: akceptacj\u0119 przez uczestnika wszystkich warunk\u00f3w okre\u015blonych w niniejszym Regulaminie;o\u015bwiadczenie zg\u0142aszaj\u0105cego,\u017ce jest autorem plakatu\/jego zg\u0142oszenie na Konkurs nie narusza praw os\u00f3b trzecich.<span class=\"Apple-converted-space\">\u00a0<\/span><\/p>\n<p style=\"text-align: center;\">3. <b>Uczestnictwo w konkursie jest bezp<\/b><b>\u0142<\/b><b>atne i dobrowolne.<span class=\"Apple-converted-space\">\u00a0<\/span><\/b><b><\/b><\/p>\n<p style=\"text-align: center;\"><b>\u00a7 3.<span class=\"Apple-converted-space\">\u00a0<\/span><\/b><b><\/b><\/p>\n<p style=\"text-align: center;\"><b>Wymagania techniczne i formalne<span class=\"Apple-converted-space\">\u00a0<\/span><\/b><b><\/b><\/p>\n<p style=\"text-align: center;\">1. Konkurs organizowany jest <b>od 4 stycznia do 1 marca 2026 r<\/b>.<span class=\"Apple-converted-space\">\u00a0<\/span><\/p>\n<p style=\"text-align: center;\">2. Konkurs przewiduje <b>wy<\/b><b>\u0142<\/b><b>onienie jednego zwyci<\/b><b>\u0119<\/b><b>zcy<\/b>, kt\u00f3rego propozycja zostanie zaprezentowana jako plakat 44. Pieszej Pielgrzymki z Gorzowa Wlkp. na Jasn\u0105 G\u00f3r\u0119 .<span class=\"Apple-converted-space\">\u00a0<\/span><\/p>\n<p style=\"text-align: center;\">3. Propozycje plakatu zg\u0142aszane do Konkursu <b>powinny by<\/b><b>\u0107 <\/b><b>dostosowane <\/b>do formatu B3(353mm x500mm),w orientacji pionowej, w rozdzielczo\u015b\u0107 co najmniej 300dpi (format pliku w rozszerzeniu:<span class=\"Apple-converted-space\">\u00a0<\/span><\/p>\n<p style=\"text-align: center;\">.jpg lub. png \u2013 plik pogl\u0105dowy). Autor zobowi\u0105zuje si\u0119 r\u00f3wnie\u017c, po wygraniu Konkursu, do dostarczenia plakatu do wydruku w formie wymaganej przez Organizatora (plik musi odpowiada\u0107 specyfikacji przewidzianej dla druku offsetowego \u2013 profil kolor\u00f3w CMYK, rozdzielczo\u015b\u0107 300 dpi, spady odpowiednie dla rodzaju publikacji).<span class=\"Apple-converted-space\">\u00a0<\/span><\/p>\n<p style=\"text-align: center;\">4. Ka\u017cdy uczestnik Konkursu mo\u017ce przes\u0142a\u0107 maksymalnie <b>jedn<\/b><b>\u0105 <\/b>propozycj\u0119 plakatu.<span class=\"Apple-converted-space\">\u00a0<\/span><\/p>\n<p style=\"text-align: center;\">5. Propozycja plakatu musi zawiera\u0107 has\u0142o <b>\u201eZ Maryj<\/b><b>\u0105 <\/b><b>niesiemy Jezusa <\/b><b>\u015b<\/b><b>wiatu\u201d <\/b>i informacj\u0119: <b>\u201e44. Piesza Pielgrzymka z Gorzowa Wlkp. na Jasn<\/b><b>\u0105 <\/b><b>G\u00f3r<\/b><b>\u0119<\/b><b>, 31.07 &#8211; 12.08. 2026 r\u201d<\/b>(uk\u0142ad graficzny dowolny).Umieszczenie logo Pieszej Pielgrzymki nie jest wymagane i jego umieszczenie nie ma \u017cadnego wp\u0142ywu na ocen\u0119 nades\u0142anych propozycji.<span class=\"Apple-converted-space\">\u00a0<\/span><\/p>\n<p style=\"text-align: center;\">6. Niech <b>inspiracj<\/b><b>\u0105 <\/b><b>dla plakatu <\/b>b\u0119dzie has\u0142o 44. Pieszej Pielgrzymki z Gorzowa Wielkopolskiego na Jasn\u0105 G\u00f3r\u0119 \u2013 \u201e\u201d. Do propozycji plakatu do\u0142\u0105czy\u0107 mo\u017cna opis jego symboliki. Nie jest to jednak warunek konieczny do zg\u0142oszenia pracy.<span class=\"Apple-converted-space\">\u00a0<\/span><\/p>\n<p style=\"text-align: center;\">7. Do zg\u0142oszenia nale\u017cy do\u0142\u0105czy\u0107 Kart\u0119 zg\u0142oszenia &#8211; <b>Za<\/b><b>\u0142\u0105<\/b><b>cznik 1 <\/b>oraz Zgod\u0119 na przetwarzanie danych osobowych &#8211; <b>Za<\/b><b>\u0142\u0105<\/b><b>cznik 2 <\/b>dla os\u00f3b pe\u0142noletnich i <b>Za<\/b><b>\u0142\u0105<\/b><b>cznik 3 <\/b>dla os\u00f3b niepe\u0142noletnich.<span class=\"Apple-converted-space\">\u00a0<\/span><\/p>\n<p style=\"text-align: center;\">8. Prace konkursowe wraz z za\u0142\u0105cznikami nale\u017cy przesy\u0142a\u0107 do 1 marca 2026 roku na adres: rkierczuk@gmail.com . W tytule prosimy wpisa\u0107: \u201eKonkurs na plakat 44 Pieszej Pielgrzymki\u201d.<span class=\"Apple-converted-space\">\u00a0<\/span><\/p>\n<p style=\"text-align: center;\">9. Nades\u0142ane prace, spe\u0142niaj\u0105ce wymagania techniczne i formalne, b\u0119d\u0105 sukcesywnie publikowane na Facebooku Gorzowskiej Pielgrzymki.<span class=\"Apple-converted-space\">\u00a0<\/span><\/p>\n<p style=\"text-align: center;\">10. Do konkursu nie b\u0119d\u0105 dopuszczane prace, kt\u00f3rych tre\u015b\u0107: narusza godno\u015b\u0107 ludzk\u0105, jest sprzeczna z prawem polskim lub mi\u0119dzynarodowym, wzywa do nienawi\u015bci etnicznej, rasowej lub wyznaniowej, rani przekonania religijne, mo\u017ce mie\u0107 negatywny wp\u0142yw na wizerunek<span class=\"Apple-converted-space\">\u00a0<\/span><\/p>\n<p style=\"text-align: center;\">Organizatora, jest obci\u0105\u017cona prawami os\u00f3b trzecich, w tym prawami autorskimi, przedstawia ofert\u0119 komercyjn\u0105 lub jest reklam\u0105 instytucji tej firmy, zawiera wulgaryzmy lub s\u0142ownictwo uznane powszechnie za niedopuszczalne, zawiera b\u0142\u0119dy j\u0119zykowe.<span class=\"Apple-converted-space\">\u00a0<\/span><\/p>\n<p style=\"text-align: center;\">11. Uczestnik zg\u0142aszaj\u0105c prac\u0119, o\u015bwiadcza, \u017ce nie wykorzysta\u0142 pomocy sztucznej inteligencji.<span class=\"Apple-converted-space\">\u00a0<\/span><\/p>\n<p style=\"text-align: center;\">12. Udzia\u0142 w \u201eKonkursie na plakat 44. Pieszej Pielgrzymki z Gorzowa na Jasn\u0105 G\u00f3r\u0119\u201d jest jednoznaczny z nieodp\u0142atnym udzieleniem prawa do wykorzystywania zwyci\u0119skiej propozycji <b>we wszystkich polach eksploatacji<\/b>: druku w dowolnej liczbie, publikacji i w dowolnym nak\u0142adzie, u\u017cywania ich w Internecie oraz w innych formach utrwale\u0144, nadaj\u0105cych si\u0119 do rozpowszechniania w ramach dzia\u0142alno\u015bci Pieszej Pielgrzymki z Gorzowa Wielkopolskiego na Jasn\u0105 G\u00f3r\u0119.<span class=\"Apple-converted-space\">\u00a0<\/span><\/p>\n<p style=\"text-align: center;\"><b>\u00a7 4.<span class=\"Apple-converted-space\">\u00a0<\/span><\/b><b><\/b><\/p>\n<p style=\"text-align: center;\"><b>Og<\/b><b>\u0142<\/b><b>oszenie wynik\u00f3w Konkursu i nagrody<span class=\"Apple-converted-space\">\u00a0<\/span><\/b><b><\/b><\/p>\n<p style=\"text-align: center;\">1. Wyniki Konkursu zostan\u0105 przekazane laureatowi telefonicznie lub poczt\u0105 elektroniczn\u0105, zostan\u0105 r\u00f3wnie\u017c og\u0142oszone na fanpage\u2019ach pielgrzymki na Facebooku.<span class=\"Apple-converted-space\">\u00a0<\/span><\/p>\n<p style=\"text-align: center;\">2. Zwyci\u0119zca Konkursu otrzyma <b>nagrod<\/b><b>\u0119 <\/b><b>pieni<\/b><b>\u0119\u017c<\/b><b>n<\/b><b>\u0105 <\/b>w wysoko\u015bci <b>500 z<\/b><b>\u0142<\/b>.<span class=\"Apple-converted-space\">\u00a0<\/span><\/p>\n<p style=\"text-align: center;\">3. Oceny prac dokona <b>Komisja Konkursowa powo<\/b><b>\u0142<\/b><b>ana przez Organizatora<\/b>. Komisja Konkursowa zastrzega sobie prawo do dokonywania zmian w projekcie wybranego plakatu, a autor projektu zobowi\u0105zuje si\u0119 do konsultacji przekazywanych sugestii przez Komisj\u0119 Konkursow\u0105 i dokonywania ewentualnych poprawek w projekcie plakatu.<span class=\"Apple-converted-space\">\u00a0<\/span><\/p>\n<p style=\"text-align: center;\">4. Decyzje Komisji Konkursowej <b>s<\/b><b>\u0105 <\/b><b>ostateczne<\/b>.<span class=\"Apple-converted-space\">\u00a0<\/span><\/p>\n<p style=\"text-align: center;\">5. Udzia\u0142 w Konkursie jest r\u00f3wnoznaczny z wyra\u017ceniem zgody na przetwarzanie przez Organizatora danych osobowych na potrzeby Konkursu &#8211; <b>Za<\/b><b>\u0142\u0105<\/b><b>cznik nr 1<\/b>.<span class=\"Apple-converted-space\">\u00a0<\/span><\/p>\n<p style=\"text-align: center;\"><b>\u00a7 5.<span class=\"Apple-converted-space\">\u00a0<\/span><\/b><b><\/b><\/p>\n<p style=\"text-align: center;\"><b>Postanowienia ko<\/b><b>\u0144<\/b><b>cowe<span class=\"Apple-converted-space\">\u00a0<\/span><\/b><b><\/b><\/p>\n<p style=\"text-align: center;\">1. Ka\u017cdy autor przyjmuje do wiadomo\u015bci i potwierdza, \u017ce:<span class=\"Apple-converted-space\">\u00a0<\/span><\/p>\n<p style=\"text-align: center;\">&#8211; ponosi pe\u0142n\u0105 odpowiedzialno\u015b\u0107 wobec Organizatora i os\u00f3b trzecich w przypadku, gdyby udost\u0119pniony plakat narusza\u0142 prawa, w szczeg\u00f3lno\u015bci prawa autorskie oraz dobra osobiste os\u00f3b trzecich;<span class=\"Apple-converted-space\">\u00a0<\/span><\/p>\n<p style=\"text-align: center;\">&#8211; w przypadku naruszenia przez autora postanowie\u0144 niniejszego Regulaminu, Organizator mo\u017ce<span class=\"Apple-converted-space\">\u00a0<\/span><\/p>\n<p style=\"text-align: center;\">wykluczy\u0107 go z udzia\u0142u w Konkursie;<span class=\"Apple-converted-space\">\u00a0<\/span><\/p>\n<p style=\"text-align: center;\">&#8211; w przypadku zmiany jakichkolwiek danych zawartych w Karcie zg\u0142oszenia (<b>Za<\/b><b>\u0142\u0105<\/b><b>cznik nr 1<\/b>), niezw\u0142ocznie powiadomi o nich Organizatora.<span class=\"Apple-converted-space\">\u00a0<\/span><\/p>\n<p style=\"text-align: center;\">2. Ka\u017cdy autor o\u015bwiadcza i potwierdza, \u017ce:<span class=\"Apple-converted-space\">\u00a0<\/span><\/p>\n<p style=\"text-align: center;\">&#8211; Akceptuje wszystkie warunki okre\u015blone w niniejszym Regulaminie;<span class=\"Apple-converted-space\">\u00a0<\/span><\/p>\n<p style=\"text-align: center;\">dobrowolnie wyra\u017ca zgod\u0119 na przetwarzanie swoich danych osobowych oraz zgod\u0119 na podanie do publicznej wiadomo\u015bci imienia nazwiska\u2013 wy\u0142\u0105cznie na potrzeby Konkursu, wype\u0142niaj\u0105c o\u015bwiadczenia zawarte w formularzu zg\u0142oszeniowym &#8211; <b>Za<\/b><b>\u0142\u0105<\/b><b>cznik nr 1<\/b>;<span class=\"Apple-converted-space\">\u00a0<\/span><\/p>\n<p style=\"text-align: center;\">&#8211; plakat zg\u0142oszony do Konkursu zosta\u0142 wykonany osobi\u015bcie;<span class=\"Apple-converted-space\">\u00a0<\/span><\/p>\n<p style=\"text-align: center;\">&#8211; plakat zg\u0142oszony do Konkursu nie narusza \u017cadnych praw os\u00f3b trzecich, w szczeg\u00f3lno\u015bci jakichkolwiek praw w\u0142asno\u015bci przemys\u0142owej oraz praw autorskich;<span class=\"Apple-converted-space\">\u00a0<\/span><\/p>\n<p style=\"text-align: center;\">&#8211; plakat zg\u0142oszony do Konkursu nie zawiera \u017cadnych tre\u015bci sprzecznych z porz\u0105dkiem publicznym<span class=\"Apple-converted-space\">\u00a0<\/span><\/p>\n<p style=\"text-align: center;\">(\u00a73,pkt.11 Regulaminu).<span class=\"Apple-converted-space\">\u00a0<\/span><\/p>\n<p style=\"text-align: center;\">3. Sprawy nieobj\u0119te niniejszym Regulaminem <b>rozstrzyga Organizator<\/b>. Decyzje Organizatora s\u0105 ostateczne i nie przys\u0142uguje od nich odwo\u0142anie.<span class=\"Apple-converted-space\">\u00a0<\/span><\/p>\n<p style=\"text-align: center;\">4. Organizator Konkursu <b>nie ponosi odpowiedzialno<\/b><b>\u015b<\/b><b>ci <\/b>za odwo\u0142anie Konkursu b\u0105d\u017a zmiany w harmonogramie wynik\u0142e z przyczyn od niego niezale\u017cnych.<span class=\"Apple-converted-space\">\u00a0<\/span><\/p>\n<p style=\"text-align: center;\">5. Organizator <b>nie ponosi odpowiedzialno<\/b><b>\u015b<\/b><b>ci <\/b>za podanie przez uczestnik\u00f3w niew\u0142a\u015bciwych lub nieprawdziwych danych.<span class=\"Apple-converted-space\">\u00a0<\/span><\/p>\n<p style=\"text-align: center;\">6. Organizator zastrzega sobie <b>prawo do nierozstrzygni<\/b><b>\u0119<\/b><b>cia Konkursu<\/b>.<span class=\"Apple-converted-space\">\u00a0<\/span><\/p>\n<p style=\"text-align: center;\">7. Organizator zastrzega sobie prawo <b>do zmiany Regulaminu<\/b>, pod warunkiem, \u017ce taka zmiana nie naruszy praw nabytych uczestnik\u00f3w Konkursu.<span class=\"Apple-converted-space\">\u00a0<\/span><\/p>\n<p style=\"text-align: center;\">8. Niniejszy Regulamin <b>wchodzi w <\/b><b>\u017c<\/b><b>ycie z dniem og<\/b><b>\u0142<\/b><b>oszenia na stronie internetowej Pieszej Pielgrzymki Gorzowskiej<\/b>.<span class=\"Apple-converted-space\">\u00a0<\/span><\/p>\n<p style=\"text-align: center;\">9. Sytuacje nieobj\u0119te niniejszym Regulaminem rozstrzyga Organizator Konkursu.<span class=\"Apple-converted-space\">\u00a0<\/span><\/p>\n<p style=\"text-align: center;\"><b>\u00a7 6.<span class=\"Apple-converted-space\">\u00a0<\/span><\/b><b><\/b><\/p>\n<p style=\"text-align: center;\"><b>Uniewa<\/b><b>\u017c<\/b><b>nienie Konkursu<span class=\"Apple-converted-space\">\u00a0<\/span><\/b><b><\/b><\/p>\n<p style=\"text-align: center;\">1. Organizator <b>zastrzega sobie prawo do uniewa<\/b><b>\u017c<\/b><b>nienia Konkursu<\/b>, w szczeg\u00f3lno\u015bci w przypadku,<span class=\"Apple-converted-space\">\u00a0<\/span><\/p>\n<p style=\"text-align: center;\">gdy nie wp\u0142ynie \u017caden plakat konkursowy lub gdy \u017caden plakat konkursowy nie spe\u0142ni warunk\u00f3w niniejszego Regulaminu, a tak\u017ce w przypadku niezadowalaj\u0105cego poziomu artystycznego plakat\u00f3w zg\u0142oszonych do Konkursu.<span class=\"Apple-converted-space\">\u00a0<\/span><\/p>\n<p style=\"text-align: center;\"><b>KLAUZULA INFORMACYJNA W ZAKRESIE PRZETWARZANIA DANYCH OSOBOWYCH<span class=\"Apple-converted-space\">\u00a0<\/span><\/b><b><\/b><\/p>\n<p style=\"text-align: center;\">Zgodnie z art. 13 og\u00f3lnego rozporz\u0105dzenia o ochronie danych osobowych z dnia 27 kwietnia 2016r. (dalej zwane RODO), <b>informujemy i<\/b><b>\u017c<\/b>:<span class=\"Apple-converted-space\">\u00a0<\/span><\/p>\n<p style=\"text-align: center;\">1. Administratorem Pani\/Pana danych osobowych jest Kierownik Pieszej Pielgrzymki z Gorzowa Wlkp. na Jasn\u0105 G\u00f3r\u0119.<span class=\"Apple-converted-space\">\u00a0<\/span><\/p>\n<p style=\"text-align: center;\">2. Pa\u0144stwa dane osobowe przetwarzane b\u0119d\u0105 zgodnie z art. 6 ust 1. lit. a) RODO (tj. przetwarzanie danych odb\u0119dzie si\u0119 na podstawie zgody).<span class=\"Apple-converted-space\">\u00a0<\/span><\/p>\n<p style=\"text-align: center;\">3. Pa\u0144stwa dane osobowe przetwarzane b\u0119d\u0105 w celach: organizacji i przeprowadzenia Konkursu &#8211; wy\u0142onienia laureat\u00f3w Konkursu, przekazania wynik\u00f3w w mediach Organizatora oraz w innych \u015brodkach masowego przekazu.<span class=\"Apple-converted-space\">\u00a0<\/span><\/p>\n<p style=\"text-align: center;\">6. Odbiorc\u0105 Pa\u0144stwa danych osobowych b\u0119d\u0105 organy pa\u0144stwowe w zakresie wykonywanych zada\u0144 oraz osoby upowa\u017cnione przez administratora do przetwarzania danych osobowych.<span class=\"Apple-converted-space\">\u00a0<\/span><\/p>\n<p style=\"text-align: center;\">7. Dane osobowe Uczestnik\u00f3w Konkursu os\u00f3b bior\u0105cych udzia\u0142 w nagraniach nie b\u0119d\u0105 przekazane do pa\u0144stwa trzeciego.<span class=\"Apple-converted-space\">\u00a0<\/span><\/p>\n<p style=\"text-align: center;\">8. Pa\u0144stwa dane osobowe b\u0119d\u0105 przetwarzane przez czas trwania Konkursu oraz po jego zako\u0144czeniu przez czas trwania ewentualnych post\u0119powa\u0144 w zakresie dochodzonych roszcze\u0144, tj. do czasu ich prawomocnego zako\u0144czenia, a w przypadku post\u0119powa\u0144 egzekucyjnych do czasu ostatecznego zaspokojenia dochodzonych roszcze\u0144.<span class=\"Apple-converted-space\">\u00a0<\/span><\/p>\n<p style=\"text-align: center;\">9. W przypadku przetwarzania danych osobowych na podstawie zgody, dane te przetwarzane b\u0119d\u0105 do momentu wycofania zgody.<span class=\"Apple-converted-space\">\u00a0<\/span><\/p>\n<p style=\"text-align: center;\">10. Pa\u0144stwa dane osobowe nie b\u0119d\u0105 wykorzystywane do zautomatyzowanego podejmowania decyzji, kt\u00f3ra opiera si\u0119 wy\u0142\u0105cznie na zautomatyzowanym przetwarzaniu, w tym profilowaniu.<span class=\"Apple-converted-space\">\u00a0<\/span><\/p>\n<p style=\"text-align: center;\">11. Posiadaj\u0105 Pa\u0144stwo prawo dost\u0119pu do tre\u015bci swoich danych oraz prawo ich sprostowania, usuni\u0119cia.Prawo do Ograniczenia Przetwarzania,prawo przenoszenia danych,prawo wniesienia sprzeciwu wobec przetwarzania.<span class=\"Apple-converted-space\">\u00a0<\/span><\/p>\n<p style=\"text-align: center;\">12. W przypadku, w kt\u00f3rym przetwarzanie danych osobowych odbywa si\u0119 na podstawie zgody (tj. art.6 ust.1 lit.aRODO), przys\u0142uguje Pa\u0144stwu prawo do jej cofni\u0119cia w dowolnym momencie, bez wp\u0142ywu na zgodno\u015b\u0107 z prawem przetwarzania, kt\u00f3rego dokonano na podstawie zgody przed jej cofni\u0119ciem. Je\u017celi uznaj\u0105 Pa\u0144stwo, \u017ce przetwarzanie danych osobowych narusza przepisy RODO, przys\u0142uguje prawo wniesienia skargi do Prezesa Urz\u0119du Ochrony Danych Osobowych, ul. Stawki 2, 00\u2013193 Warszawa.<span class=\"Apple-converted-space\">\u00a0<\/span><\/p>\n<p style=\"text-align: center;\">13. Podanie danych osobowych jest wymogiem wzi\u0119cia udzia\u0142u w Konkursie, niepodanie danych osobowych skutkowa\u0107 b\u0119dzie brakiem mo\u017cliwo\u015bci wzi\u0119cia udzia\u0142u w Konkursie.<span class=\"Apple-converted-space\">\u00a0<\/span><\/p>\n<p>&nbsp;<\/p>\n<p style=\"text-align: center;\"><b>Za<\/b><b>\u0142\u0105<\/b><b>cznik nr 1<span class=\"Apple-converted-space\">\u00a0<\/span><\/b><b><\/b><\/p>\n<p style=\"text-align: center;\">Do Regulaminu Konkursu na plakat<span class=\"Apple-converted-space\">\u00a0<\/span><\/p>\n<p style=\"text-align: center;\">44.Pieszej Pielgrzymki z Gorzowa Wielkopolskiego na Jasn\u0105 G\u00f3r\u0119<span class=\"Apple-converted-space\">\u00a0<\/span><\/p>\n<table class=\" aligncenter\" cellspacing=\"0\" cellpadding=\"0\">\n<tbody>\n<tr>\n<td valign=\"top\"><b>KARTA ZG<\/b><b>\u0141<\/b><b>OSZENIA <\/b><b>Imi\u0119i nazwisko<span class=\"Apple-converted-space\">\u00a0<\/span><\/b><b><\/b><\/td>\n<\/tr>\n<tr>\n<td valign=\"top\"><b>Data urodzenia<span class=\"Apple-converted-space\">\u00a0<\/span><\/b><b><\/b><\/td>\n<\/tr>\n<tr>\n<td valign=\"top\"><b>Adres zamieszkania<span class=\"Apple-converted-space\">\u00a0<\/span><\/b><b><\/b><\/td>\n<\/tr>\n<tr>\n<td valign=\"top\"><b>Numer telefonu<span class=\"Apple-converted-space\">\u00a0<\/span><\/b><b><\/b><\/td>\n<\/tr>\n<tr>\n<td valign=\"top\"><b>Adres e -mail<span class=\"Apple-converted-space\">\u00a0<\/span><\/b><b><\/b><\/td>\n<\/tr>\n<tr>\n<td valign=\"top\"><b>Parafia<span class=\"Apple-converted-space\">\u00a0<\/span><\/b><b><\/b><\/td>\n<\/tr>\n<\/tbody>\n<\/table>\n<p style=\"text-align: center;\">Uczestnictwo w konkursie jest jednoznaczne z akceptacj\u0105 Regulaminu Konkursu na plakat<span class=\"Apple-converted-space\">\u00a0<\/span><\/p>\n<p style=\"text-align: center;\">\u2026\u2026\u2026\u2026\u2026\u2026\u2026\u2026\u2026\u2026\u2026\u2026\u2026\u2026\u2026\u2026\u2026\u2026\u2026\u2026\u2026\u2026.<span class=\"Apple-converted-space\">\u00a0<\/span><\/p>\n<p style=\"text-align: center;\"><b>Data i czytelny podpis<span class=\"Apple-converted-space\">\u00a0<\/span><\/b><\/p>\n<p>&nbsp;<\/p>\n<p style=\"text-align: center;\"><b>Za<\/b><b>\u0142\u0105<\/b><b>cznik nr 2<span class=\"Apple-converted-space\">\u00a0<\/span><\/b><b><\/b><\/p>\n<p style=\"text-align: center;\">Do Regulaminu Konkursu na plakat<span class=\"Apple-converted-space\">\u00a0<\/span><\/p>\n<p style=\"text-align: center;\"><b>ZGODA<span class=\"Apple-converted-space\">\u00a0<\/span><\/b><b><\/b><\/p>\n<p style=\"text-align: center;\"><b>NA PRZETWARZANIE DANYCH OSOBOWYCH<span class=\"Apple-converted-space\">\u00a0<\/span><\/b><b><\/b><\/p>\n<p style=\"text-align: center;\">Wyra\u017cam zgod\u0119 na przetwarzanie przez Organizatora danych osobowych na potrzeby konkursu (zgodnie z ustaw\u0105 z dnia 10 maja 2018 roku o ochronie danych osobowych (Dz.Ustaw z 2018, poz. 1000) oraz zgodnie z Rozporz\u0105dzeniem Parlamentu Europejskiego i Rady (UE) 2016 \/679 z dnia 27 kwietnia 2016 r .w sprawie ochrony os\u00f3b fizycznych w zwi\u0105zku z przetwarzaniem danych osobowych i w sprawie swobodnego przep\u0142ywu takich danych oraz uchylenia dyrektywy 95\/46\/WE (RODO)).<span class=\"Apple-converted-space\">\u00a0<\/span><\/p>\n<p style=\"text-align: center;\">\u2026\u2026\u2026\u2026\u2026\u2026\u2026\u2026\u2026\u2026\u2026\u2026\u2026\u2026\u2026\u2026\u2026\u2026\u2026\u2026\u2026\u2026.<span class=\"Apple-converted-space\">\u00a0<\/span><\/p>\n<p style=\"text-align: center;\"><b>Data i czytelny podpis<span class=\"Apple-converted-space\">\u00a0<\/span><\/b><b><\/b><\/p>\n<p>&nbsp;<\/p>\n<p style=\"text-align: center;\"><b>Za<\/b><b>\u0142\u0105<\/b><b>cznik nr 3<span class=\"Apple-converted-space\">\u00a0<\/span><\/b><b><\/b><\/p>\n<p style=\"text-align: center;\">Do Regulaminu Konkursu na plakat<span class=\"Apple-converted-space\">\u00a0<\/span><\/p>\n<p style=\"text-align: center;\"><b>ZGODA<span class=\"Apple-converted-space\">\u00a0<\/span><\/b><b><\/b><\/p>\n<p style=\"text-align: center;\"><b>NA PRZETWARZANIE DANYCH OSOBOWYCH<span class=\"Apple-converted-space\">\u00a0<\/span><\/b><b><\/b><\/p>\n<p style=\"text-align: center;\"><b>(dotyczy os\u00f3b niepe<\/b><b>\u0142<\/b><b>noletnich)<span class=\"Apple-converted-space\">\u00a0<\/span><\/b><b><\/b><\/p>\n<p style=\"text-align: center;\">Wyra\u017cam zgod\u0119 na przetwarzanie przez Organizatora danych osobowych mojego dziecka na potrzeby konkursu (zgodnie z ustaw\u0105 z dnia 10 maja 2018 roku o ochronie danych osobowych (Dz. Ustaw z 2018, poz. 1000) oraz zgodnie z Rozporz\u0105dzeniem Parlamentu Europejskiego i Rady (UE)2016\/679 z dnia 27 kwietnia 2016 r. wsprawieochronyos\u00f3bfizycznychwzwi\u0105zku z przetwarzaniem danych osobowych i w sprawie swobodnego przep\u0142ywu takich danych oraz uchylenia dyrektywy 95\/46\/WE (RODO)).<span class=\"Apple-converted-space\">\u00a0<\/span><\/p>\n<p style=\"text-align: center;\">\u2026\u2026\u2026\u2026\u2026\u2026\u2026\u2026\u2026\u2026\u2026\u2026\u2026\u2026\u2026\u2026\u2026\u2026\u2026\u2026\u2026\u2026.<span class=\"Apple-converted-space\">\u00a0<\/span><\/p>\n<p style=\"text-align: center;\"><b>Data i czytelny podpis rodzica\/opiekuna<span class=\"Apple-converted-space\">\u00a0<\/span><\/b><\/p>\n<hr \/>\n","protected":false},"excerpt":{"rendered":"<p>\u00a0Regulamin Konkursu na plakat 44.Pieszej Pielgrzymki z Gorzowa Wielkopolskiego na Jasn\u0105 G\u00f3r\u0119\u00a0 \u201eZ Maryj\u0105 niesiemy Jezusa \u015bwiatu\u201d\u00a0 \u00a7 1.\u00a0 Postanowienia og\u00f3lne\u00a0 1. Organizatorem Konkursu na plakat 44.Pieszej Pielgrzymki z Gorzowa Wielkopolskiego na Jasn\u0105 G\u00f3r\u0119, zwanego dalej Konkursem, jest Zarz\u0105d Pielgrzymki z siedzib\u0105 w Gorzowie Wielkopolskim ,ul. Czere\u015bniowa 15, 66-400 Gorz\u00f3w Wielkopolski.\u00a0 2. Celami Konkursu s\u0105:&hellip; <br \/> <a class=\"read-more\" href=\"https:\/\/pielgrzymkagorzowska.diecezjazg.pl\/index.php\/konkurs\/\">Dowiedz si\u0119 wi\u0119cej<\/a><\/p>\n","protected":false},"author":2,"featured_media":0,"parent":0,"menu_order":0,"comment_status":"closed","ping_status":"closed","template":"","meta":{"footnotes":""},"class_list":["post-498","page","type-page","status-publish","hentry"],"_links":{"self":[{"href":"https:\/\/pielgrzymkagorzowska.diecezjazg.pl\/index.php\/wp-json\/wp\/v2\/pages\/498","targetHints":{"allow":["GET"]}}],"collection":[{"href":"https:\/\/pielgrzymkagorzowska.diecezjazg.pl\/index.php\/wp-json\/wp\/v2\/pages"}],"about":[{"href":"https:\/\/pielgrzymkagorzowska.diecezjazg.pl\/index.php\/wp-json\/wp\/v2\/types\/page"}],"author":[{"embeddable":true,"href":"https:\/\/pielgrzymkagorzowska.diecezjazg.pl\/index.php\/wp-json\/wp\/v2\/users\/2"}],"replies":[{"embeddable":true,"href":"https:\/\/pielgrzymkagorzowska.diecezjazg.pl\/index.php\/wp-json\/wp\/v2\/comments?post=498"}],"version-history":[{"count":8,"href":"https:\/\/pielgrzymkagorzowska.diecezjazg.pl\/index.php\/wp-json\/wp\/v2\/pages\/498\/revisions"}],"predecessor-version":[{"id":565,"href":"https:\/\/pielgrzymkagorzowska.diecezjazg.pl\/index.php\/wp-json\/wp\/v2\/pages\/498\/revisions\/565"}],"wp:attachment":[{"href":"https:\/\/pielgrzymkagorzowska.diecezjazg.pl\/index.php\/wp-json\/wp\/v2\/media?parent=498"}],"curies":[{"name":"wp","href":"https:\/\/api.w.org\/{rel}","templated":true}]}}