{"id":20,"date":"2021-06-10T11:44:31","date_gmt":"2021-06-10T09:44:31","guid":{"rendered":"http:\/\/pielgrzymkagorzowska.diecezjazg.pl\/?page_id=20"},"modified":"2025-04-30T12:16:19","modified_gmt":"2025-04-30T10:16:19","slug":"trasa-pielgrzymki","status":"publish","type":"page","link":"https:\/\/pielgrzymkagorzowska.diecezjazg.pl\/index.php\/trasa-pielgrzymki\/","title":{"rendered":"Trasa pielgrzymki"},"content":{"rendered":"<h2 style=\"text-align: center;\">TRASA 43 PIESZEJ PIELGRZYMKI<br \/>\nZ GORZOWA NA JASN\u0104 G\u00d3R\u0118<\/h2>\n<h3 style=\"text-align: center;\" align=\"center\"><a href=\"https:\/\/pielgrzymkagorzowska.diecezjazg.pl\/wp-content\/uploads\/2025\/04\/Pielgrzymka.pdf\" target=\"_blank\" rel=\"noopener\">PLAN PIELGRZYMKI 2025<\/a><\/h3>\n<p style=\"text-align: center;\">\n<p><img fetchpriority=\"high\" decoding=\"async\" class=\"alignnone wp-image-529 size-large aligncenter\" src=\"https:\/\/pielgrzymkagorzowska.diecezjazg.pl\/wp-content\/uploads\/2025\/04\/d1-1024x689.png\" alt=\"\" width=\"1024\" height=\"689\" srcset=\"https:\/\/pielgrzymkagorzowska.diecezjazg.pl\/wp-content\/uploads\/2025\/04\/d1-1024x689.png 1024w, https:\/\/pielgrzymkagorzowska.diecezjazg.pl\/wp-content\/uploads\/2025\/04\/d1-300x202.png 300w, https:\/\/pielgrzymkagorzowska.diecezjazg.pl\/wp-content\/uploads\/2025\/04\/d1-768x517.png 768w, https:\/\/pielgrzymkagorzowska.diecezjazg.pl\/wp-content\/uploads\/2025\/04\/d1-1536x1034.png 1536w, https:\/\/pielgrzymkagorzowska.diecezjazg.pl\/wp-content\/uploads\/2025\/04\/d1-1604x1080.png 1604w, https:\/\/pielgrzymkagorzowska.diecezjazg.pl\/wp-content\/uploads\/2025\/04\/d1.png 1855w\" sizes=\"(max-width: 1024px) 100vw, 1024px\" \/> <img decoding=\"async\" class=\"alignnone wp-image-530 size-large aligncenter\" src=\"https:\/\/pielgrzymkagorzowska.diecezjazg.pl\/wp-content\/uploads\/2025\/04\/d2-1024x691.png\" alt=\"\" width=\"1024\" height=\"691\" srcset=\"https:\/\/pielgrzymkagorzowska.diecezjazg.pl\/wp-content\/uploads\/2025\/04\/d2-1024x691.png 1024w, https:\/\/pielgrzymkagorzowska.diecezjazg.pl\/wp-content\/uploads\/2025\/04\/d2-300x203.png 300w, https:\/\/pielgrzymkagorzowska.diecezjazg.pl\/wp-content\/uploads\/2025\/04\/d2-768x518.png 768w, https:\/\/pielgrzymkagorzowska.diecezjazg.pl\/wp-content\/uploads\/2025\/04\/d2-1536x1037.png 1536w, https:\/\/pielgrzymkagorzowska.diecezjazg.pl\/wp-content\/uploads\/2025\/04\/d2-1600x1080.png 1600w, https:\/\/pielgrzymkagorzowska.diecezjazg.pl\/wp-content\/uploads\/2025\/04\/d2.png 1856w\" sizes=\"(max-width: 1024px) 100vw, 1024px\" \/> <img decoding=\"async\" class=\"alignnone wp-image-531 size-large aligncenter\" src=\"https:\/\/pielgrzymkagorzowska.diecezjazg.pl\/wp-content\/uploads\/2025\/04\/d3-1024x688.png\" alt=\"\" width=\"1024\" height=\"688\" srcset=\"https:\/\/pielgrzymkagorzowska.diecezjazg.pl\/wp-content\/uploads\/2025\/04\/d3-1024x688.png 1024w, https:\/\/pielgrzymkagorzowska.diecezjazg.pl\/wp-content\/uploads\/2025\/04\/d3-300x201.png 300w, https:\/\/pielgrzymkagorzowska.diecezjazg.pl\/wp-content\/uploads\/2025\/04\/d3-768x516.png 768w, https:\/\/pielgrzymkagorzowska.diecezjazg.pl\/wp-content\/uploads\/2025\/04\/d3-1536x1031.png 1536w, https:\/\/pielgrzymkagorzowska.diecezjazg.pl\/wp-content\/uploads\/2025\/04\/d3-1608x1080.png 1608w, https:\/\/pielgrzymkagorzowska.diecezjazg.pl\/wp-content\/uploads\/2025\/04\/d3.png 1857w\" sizes=\"(max-width: 1024px) 100vw, 1024px\" \/> <img loading=\"lazy\" decoding=\"async\" class=\"alignnone wp-image-532 size-large aligncenter\" src=\"https:\/\/pielgrzymkagorzowska.diecezjazg.pl\/wp-content\/uploads\/2025\/04\/d4-1024x681.png\" alt=\"\" width=\"1024\" height=\"681\" srcset=\"https:\/\/pielgrzymkagorzowska.diecezjazg.pl\/wp-content\/uploads\/2025\/04\/d4-1024x681.png 1024w, https:\/\/pielgrzymkagorzowska.diecezjazg.pl\/wp-content\/uploads\/2025\/04\/d4-300x199.png 300w, https:\/\/pielgrzymkagorzowska.diecezjazg.pl\/wp-content\/uploads\/2025\/04\/d4-768x510.png 768w, https:\/\/pielgrzymkagorzowska.diecezjazg.pl\/wp-content\/uploads\/2025\/04\/d4-1536x1021.png 1536w, https:\/\/pielgrzymkagorzowska.diecezjazg.pl\/wp-content\/uploads\/2025\/04\/d4-1625x1080.png 1625w, https:\/\/pielgrzymkagorzowska.diecezjazg.pl\/wp-content\/uploads\/2025\/04\/d4.png 1855w\" sizes=\"(max-width: 1024px) 100vw, 1024px\" \/> <img loading=\"lazy\" decoding=\"async\" class=\"alignnone wp-image-533 size-large aligncenter\" src=\"https:\/\/pielgrzymkagorzowska.diecezjazg.pl\/wp-content\/uploads\/2025\/04\/d5-1024x684.png\" alt=\"\" width=\"1024\" height=\"684\" srcset=\"https:\/\/pielgrzymkagorzowska.diecezjazg.pl\/wp-content\/uploads\/2025\/04\/d5-1024x684.png 1024w, https:\/\/pielgrzymkagorzowska.diecezjazg.pl\/wp-content\/uploads\/2025\/04\/d5-300x200.png 300w, https:\/\/pielgrzymkagorzowska.diecezjazg.pl\/wp-content\/uploads\/2025\/04\/d5-768x513.png 768w, https:\/\/pielgrzymkagorzowska.diecezjazg.pl\/wp-content\/uploads\/2025\/04\/d5-1536x1026.png 1536w, https:\/\/pielgrzymkagorzowska.diecezjazg.pl\/wp-content\/uploads\/2025\/04\/d5-1617x1080.png 1617w, https:\/\/pielgrzymkagorzowska.diecezjazg.pl\/wp-content\/uploads\/2025\/04\/d5.png 1855w\" sizes=\"(max-width: 1024px) 100vw, 1024px\" \/> <img loading=\"lazy\" decoding=\"async\" class=\"alignnone wp-image-534 size-large aligncenter\" src=\"https:\/\/pielgrzymkagorzowska.diecezjazg.pl\/wp-content\/uploads\/2025\/04\/d6-1024x682.png\" alt=\"\" width=\"1024\" height=\"682\" srcset=\"https:\/\/pielgrzymkagorzowska.diecezjazg.pl\/wp-content\/uploads\/2025\/04\/d6-1024x682.png 1024w, https:\/\/pielgrzymkagorzowska.diecezjazg.pl\/wp-content\/uploads\/2025\/04\/d6-300x200.png 300w, https:\/\/pielgrzymkagorzowska.diecezjazg.pl\/wp-content\/uploads\/2025\/04\/d6-768x512.png 768w, https:\/\/pielgrzymkagorzowska.diecezjazg.pl\/wp-content\/uploads\/2025\/04\/d6-1536x1023.png 1536w, https:\/\/pielgrzymkagorzowska.diecezjazg.pl\/wp-content\/uploads\/2025\/04\/d6-1621x1080.png 1621w, https:\/\/pielgrzymkagorzowska.diecezjazg.pl\/wp-content\/uploads\/2025\/04\/d6.png 1855w\" sizes=\"(max-width: 1024px) 100vw, 1024px\" \/> <img loading=\"lazy\" decoding=\"async\" class=\"alignnone wp-image-535 size-large aligncenter\" src=\"https:\/\/pielgrzymkagorzowska.diecezjazg.pl\/wp-content\/uploads\/2025\/04\/d7-1024x677.png\" alt=\"\" width=\"1024\" height=\"677\" srcset=\"https:\/\/pielgrzymkagorzowska.diecezjazg.pl\/wp-content\/uploads\/2025\/04\/d7-1024x677.png 1024w, https:\/\/pielgrzymkagorzowska.diecezjazg.pl\/wp-content\/uploads\/2025\/04\/d7-300x198.png 300w, https:\/\/pielgrzymkagorzowska.diecezjazg.pl\/wp-content\/uploads\/2025\/04\/d7-768x508.png 768w, https:\/\/pielgrzymkagorzowska.diecezjazg.pl\/wp-content\/uploads\/2025\/04\/d7-1536x1016.png 1536w, https:\/\/pielgrzymkagorzowska.diecezjazg.pl\/wp-content\/uploads\/2025\/04\/d7-1633x1080.png 1633w, https:\/\/pielgrzymkagorzowska.diecezjazg.pl\/wp-content\/uploads\/2025\/04\/d7.png 1855w\" sizes=\"(max-width: 1024px) 100vw, 1024px\" \/> <img loading=\"lazy\" decoding=\"async\" class=\"alignnone wp-image-536 size-large aligncenter\" src=\"https:\/\/pielgrzymkagorzowska.diecezjazg.pl\/wp-content\/uploads\/2025\/04\/d8-1024x685.png\" alt=\"\" width=\"1024\" height=\"685\" srcset=\"https:\/\/pielgrzymkagorzowska.diecezjazg.pl\/wp-content\/uploads\/2025\/04\/d8-1024x685.png 1024w, https:\/\/pielgrzymkagorzowska.diecezjazg.pl\/wp-content\/uploads\/2025\/04\/d8-300x201.png 300w, https:\/\/pielgrzymkagorzowska.diecezjazg.pl\/wp-content\/uploads\/2025\/04\/d8-768x513.png 768w, https:\/\/pielgrzymkagorzowska.diecezjazg.pl\/wp-content\/uploads\/2025\/04\/d8-1536x1027.png 1536w, https:\/\/pielgrzymkagorzowska.diecezjazg.pl\/wp-content\/uploads\/2025\/04\/d8-1616x1080.png 1616w, https:\/\/pielgrzymkagorzowska.diecezjazg.pl\/wp-content\/uploads\/2025\/04\/d8.png 1855w\" sizes=\"(max-width: 1024px) 100vw, 1024px\" \/> <img loading=\"lazy\" decoding=\"async\" class=\"alignnone wp-image-537 size-large aligncenter\" src=\"https:\/\/pielgrzymkagorzowska.diecezjazg.pl\/wp-content\/uploads\/2025\/04\/d9-1024x683.png\" alt=\"\" width=\"1024\" height=\"683\" srcset=\"https:\/\/pielgrzymkagorzowska.diecezjazg.pl\/wp-content\/uploads\/2025\/04\/d9-1024x683.png 1024w, https:\/\/pielgrzymkagorzowska.diecezjazg.pl\/wp-content\/uploads\/2025\/04\/d9-300x200.png 300w, https:\/\/pielgrzymkagorzowska.diecezjazg.pl\/wp-content\/uploads\/2025\/04\/d9-768x512.png 768w, https:\/\/pielgrzymkagorzowska.diecezjazg.pl\/wp-content\/uploads\/2025\/04\/d9-1536x1024.png 1536w, https:\/\/pielgrzymkagorzowska.diecezjazg.pl\/wp-content\/uploads\/2025\/04\/d9-1620x1080.png 1620w, https:\/\/pielgrzymkagorzowska.diecezjazg.pl\/wp-content\/uploads\/2025\/04\/d9.png 1855w\" sizes=\"(max-width: 1024px) 100vw, 1024px\" \/> <img loading=\"lazy\" decoding=\"async\" class=\"alignnone wp-image-538 size-large aligncenter\" src=\"https:\/\/pielgrzymkagorzowska.diecezjazg.pl\/wp-content\/uploads\/2025\/04\/d10-1024x686.png\" alt=\"\" width=\"1024\" height=\"686\" srcset=\"https:\/\/pielgrzymkagorzowska.diecezjazg.pl\/wp-content\/uploads\/2025\/04\/d10-1024x686.png 1024w, https:\/\/pielgrzymkagorzowska.diecezjazg.pl\/wp-content\/uploads\/2025\/04\/d10-300x201.png 300w, https:\/\/pielgrzymkagorzowska.diecezjazg.pl\/wp-content\/uploads\/2025\/04\/d10-768x514.png 768w, https:\/\/pielgrzymkagorzowska.diecezjazg.pl\/wp-content\/uploads\/2025\/04\/d10-1536x1028.png 1536w, https:\/\/pielgrzymkagorzowska.diecezjazg.pl\/wp-content\/uploads\/2025\/04\/d10-1613x1080.png 1613w, https:\/\/pielgrzymkagorzowska.diecezjazg.pl\/wp-content\/uploads\/2025\/04\/d10.png 1855w\" sizes=\"(max-width: 1024px) 100vw, 1024px\" \/> <img loading=\"lazy\" decoding=\"async\" class=\"alignnone wp-image-539 size-large aligncenter\" src=\"https:\/\/pielgrzymkagorzowska.diecezjazg.pl\/wp-content\/uploads\/2025\/04\/d11-1024x685.png\" alt=\"\" width=\"1024\" height=\"685\" srcset=\"https:\/\/pielgrzymkagorzowska.diecezjazg.pl\/wp-content\/uploads\/2025\/04\/d11-1024x685.png 1024w, https:\/\/pielgrzymkagorzowska.diecezjazg.pl\/wp-content\/uploads\/2025\/04\/d11-300x201.png 300w, https:\/\/pielgrzymkagorzowska.diecezjazg.pl\/wp-content\/uploads\/2025\/04\/d11-768x513.png 768w, https:\/\/pielgrzymkagorzowska.diecezjazg.pl\/wp-content\/uploads\/2025\/04\/d11-1536x1027.png 1536w, https:\/\/pielgrzymkagorzowska.diecezjazg.pl\/wp-content\/uploads\/2025\/04\/d11-1616x1080.png 1616w, https:\/\/pielgrzymkagorzowska.diecezjazg.pl\/wp-content\/uploads\/2025\/04\/d11.png 1855w\" sizes=\"(max-width: 1024px) 100vw, 1024px\" \/> <img loading=\"lazy\" decoding=\"async\" class=\"alignnone wp-image-540 size-large aligncenter\" src=\"https:\/\/pielgrzymkagorzowska.diecezjazg.pl\/wp-content\/uploads\/2025\/04\/d12-1024x683.png\" alt=\"\" width=\"1024\" height=\"683\" srcset=\"https:\/\/pielgrzymkagorzowska.diecezjazg.pl\/wp-content\/uploads\/2025\/04\/d12-1024x683.png 1024w, https:\/\/pielgrzymkagorzowska.diecezjazg.pl\/wp-content\/uploads\/2025\/04\/d12-300x200.png 300w, https:\/\/pielgrzymkagorzowska.diecezjazg.pl\/wp-content\/uploads\/2025\/04\/d12-768x512.png 768w, https:\/\/pielgrzymkagorzowska.diecezjazg.pl\/wp-content\/uploads\/2025\/04\/d12-1536x1024.png 1536w, https:\/\/pielgrzymkagorzowska.diecezjazg.pl\/wp-content\/uploads\/2025\/04\/d12-1620x1080.png 1620w, https:\/\/pielgrzymkagorzowska.diecezjazg.pl\/wp-content\/uploads\/2025\/04\/d12.png 1855w\" sizes=\"(max-width: 1024px) 100vw, 1024px\" \/> <img loading=\"lazy\" decoding=\"async\" class=\"alignnone wp-image-541 size-large aligncenter\" src=\"https:\/\/pielgrzymkagorzowska.diecezjazg.pl\/wp-content\/uploads\/2025\/04\/d13-1024x680.png\" alt=\"\" width=\"1024\" height=\"680\" srcset=\"https:\/\/pielgrzymkagorzowska.diecezjazg.pl\/wp-content\/uploads\/2025\/04\/d13-1024x680.png 1024w, https:\/\/pielgrzymkagorzowska.diecezjazg.pl\/wp-content\/uploads\/2025\/04\/d13-300x199.png 300w, https:\/\/pielgrzymkagorzowska.diecezjazg.pl\/wp-content\/uploads\/2025\/04\/d13-768x510.png 768w, https:\/\/pielgrzymkagorzowska.diecezjazg.pl\/wp-content\/uploads\/2025\/04\/d13-1536x1019.png 1536w, https:\/\/pielgrzymkagorzowska.diecezjazg.pl\/wp-content\/uploads\/2025\/04\/d13-1627x1080.png 1627w, https:\/\/pielgrzymkagorzowska.diecezjazg.pl\/wp-content\/uploads\/2025\/04\/d13.png 1855w\" sizes=\"(max-width: 1024px) 100vw, 1024px\" \/><\/p>\n","protected":false},"excerpt":{"rendered":"<p>TRASA 43 PIESZEJ PIELGRZYMKI Z GORZOWA NA JASN\u0104 G\u00d3R\u0118 PLAN PIELGRZYMKI 2025<\/p>\n","protected":false},"author":2,"featured_media":0,"parent":0,"menu_order":0,"comment_status":"closed","ping_status":"closed","template":"","meta":{"footnotes":""},"class_list":["post-20","page","type-page","status-publish","hentry"],"_links":{"self":[{"href":"https:\/\/pielgrzymkagorzowska.diecezjazg.pl\/index.php\/wp-json\/wp\/v2\/pages\/20","targetHints":{"allow":["GET"]}}],"collection":[{"href":"https:\/\/pielgrzymkagorzowska.diecezjazg.pl\/index.php\/wp-json\/wp\/v2\/pages"}],"about":[{"href":"https:\/\/pielgrzymkagorzowska.diecezjazg.pl\/index.php\/wp-json\/wp\/v2\/types\/page"}],"author":[{"embeddable":true,"href":"https:\/\/pielgrzymkagorzowska.diecezjazg.pl\/index.php\/wp-json\/wp\/v2\/users\/2"}],"replies":[{"embeddable":true,"href":"https:\/\/pielgrzymkagorzowska.diecezjazg.pl\/index.php\/wp-json\/wp\/v2\/comments?post=20"}],"version-history":[{"count":16,"href":"https:\/\/pielgrzymkagorzowska.diecezjazg.pl\/index.php\/wp-json\/wp\/v2\/pages\/20\/revisions"}],"predecessor-version":[{"id":543,"href":"https:\/\/pielgrzymkagorzowska.diecezjazg.pl\/index.php\/wp-json\/wp\/v2\/pages\/20\/revisions\/543"}],"wp:attachment":[{"href":"https:\/\/pielgrzymkagorzowska.diecezjazg.pl\/index.php\/wp-json\/wp\/v2\/media?parent=20"}],"curies":[{"name":"wp","href":"https:\/\/api.w.org\/{rel}","templated":true}]}}