{"id":18,"date":"2021-06-10T11:42:34","date_gmt":"2021-06-10T09:42:34","guid":{"rendered":"http:\/\/pielgrzymkagorzowska.diecezjazg.pl\/?page_id=18"},"modified":"2021-06-10T13:49:34","modified_gmt":"2021-06-10T11:49:34","slug":"o-pielgrzymce","status":"publish","type":"page","link":"https:\/\/pielgrzymkagorzowska.diecezjazg.pl\/index.php\/o-pielgrzymce\/","title":{"rendered":"O pielgrzymce"},"content":{"rendered":"\t\t<div data-elementor-type=\"wp-page\" data-elementor-id=\"18\" class=\"elementor elementor-18\">\n\t\t\t\t\t\t<section class=\"elementor-section elementor-top-section elementor-element elementor-element-7d2c699 elementor-section-boxed elementor-section-height-default elementor-section-height-default\" data-id=\"7d2c699\" data-element_type=\"section\" data-e-type=\"section\">\n\t\t\t\t\t\t<div class=\"elementor-container elementor-column-gap-default\">\n\t\t\t\t\t<div class=\"elementor-column elementor-col-100 elementor-top-column elementor-element elementor-element-0aa4462\" data-id=\"0aa4462\" data-element_type=\"column\" data-e-type=\"column\">\n\t\t\t<div class=\"elementor-widget-wrap elementor-element-populated\">\n\t\t\t\t\t\t<div class=\"elementor-element elementor-element-a857a20 elementor-widget elementor-widget-heading\" data-id=\"a857a20\" data-element_type=\"widget\" data-e-type=\"widget\" data-widget_type=\"heading.default\">\n\t\t\t\t<div class=\"elementor-widget-container\">\n\t\t\t\t\t<h2 class=\"elementor-heading-title elementor-size-default\">O PIESZEJ PIELGRZYMCE Z GORZOWA NA JASN\u0104 G\u00d3R\u0118<\/h2>\t\t\t\t<\/div>\n\t\t\t\t<\/div>\n\t\t\t\t\t<\/div>\n\t\t<\/div>\n\t\t\t\t\t<\/div>\n\t\t<\/section>\n\t\t\t\t<section class=\"elementor-section elementor-top-section elementor-element elementor-element-4736f31 elementor-section-boxed elementor-section-height-default elementor-section-height-default\" data-id=\"4736f31\" data-element_type=\"section\" data-e-type=\"section\">\n\t\t\t\t\t\t<div class=\"elementor-container elementor-column-gap-default\">\n\t\t\t\t\t<div class=\"elementor-column elementor-col-100 elementor-top-column elementor-element elementor-element-9c8dea0\" data-id=\"9c8dea0\" data-element_type=\"column\" data-e-type=\"column\">\n\t\t\t<div class=\"elementor-widget-wrap elementor-element-populated\">\n\t\t\t\t\t\t<div class=\"elementor-element elementor-element-c946950 elementor-widget elementor-widget-text-editor\" data-id=\"c946950\" data-element_type=\"widget\" data-e-type=\"widget\" data-widget_type=\"text-editor.default\">\n\t\t\t\t<div class=\"elementor-widget-container\">\n\t\t\t\t\t\t\t\t\t<p align=\"justify\">\u201e<span style=\"font-size: medium;\">Polacy przyzwyczaili si\u0119 przybywa\u0107 na Jasn\u0105 G\u00f3r\u0119, aby m\u00f3wi\u0107 o wszystkim swojej Matce\u201d- powiedzia\u0142 4. 06. 1979 r. na Jasnej G\u00f3rze b\u0142. Jan Pawe\u0142 II. <\/span><\/p><p align=\"justify\"><span style=\"font-size: medium;\">Jasna G\u00f3ra jest nie tylko miejscem pielgrzymek Polak\u00f3w z Polski i ca\u0142ego \u015bwiata. Jest Sanktuarium Narodu. <\/span><\/p><p align=\"justify\"><span style=\"font-size: medium;\">Pierwsza Piesza Pielgrzymka z Gorzowa na Jasn\u0105 G\u00f3r\u0119 wyruszy\u0142a w 1983 r., kt\u00f3r\u0105 zorganizowa\u0142 i poprowadzi\u0142 ksi\u0105dz Witold Andrzejewski. By\u0142a to pielgrzymka, kt\u00f3ra przeciera\u0142a pielgrzymi szlak. Uroczyste wyj\u015bcie wszystkich pielgrzym\u00f3w, kt\u00f3rzy zjechali z wielu miejscowo\u015bci naszej diecezji odbywa\u0142o si\u0119 przy d\u017awi\u0119kach orkiestry z Gorzowa Wlkp. Ludzie, kt\u00f3rzy zbierali si\u0119 wok\u00f3\u0142 ks. Andrzejewskiego, duszpasterza akademickiego, pomagali w organizacji pielgrzymki &#8211; tworzyli g\u0142\u00f3wny sztab tzw. baz\u0119 pielgrzymki. A by\u0142o wiele do zrobienia i ustalenia, aby w nast\u0119pnych latach pielgrzymka mog\u0142a przej\u015b\u0107 bez problem\u00f3w i jak najkr\u00f3tsz\u0105 drog\u0105 do Pani Jasnog\u00f3rskiej. Po 10 latach kolejnym kierownikiem by\u0142 ksi\u0105dz Zbigniew Samociak i od roku 1993 przez kolejnych pi\u0119\u0107 pielgrzymek sta\u0142 na czele ruchu pielgrzymkowego Diecezji Zielonog\u00f3rsko \u2013 Gorzowskiej. Nast\u0119pnie przez 2 lata kierownikiem pielgrzymki by\u0142 ksi\u0105dz Andrzej Ko\u0142odziejczyk, a od 2001 roku ks. Andrzej Tomys. W roku 2013 kierownictwo obj\u0105\u0142 ksi\u0105dz Andrzej Wr\u0119czycki. Kolejnym przewodnikiem ,decyzj\u0105 Ks. Biskupa Tadeusz Lity\u0144skiego w roku 2020 zosta\u0142 ksi\u0105dz Krzysztof Kolanowski. <\/span><\/p><p align=\"justify\"><span style=\"font-size: medium;\">Na pocz\u0105tku wychodzi\u0142o z Gorzowa ok. 3 tys. pielgrzym\u00f3w podzielonych na grupy o poszczeg\u00f3lnych kolorach &#8211; bia\u0142o-czerwona, br\u0105zowa, bia\u0142o-zielona, srebrna, amarantowa, zielona oraz bia\u0142o-niebieska. Ka\u017cda grupa ma swojego opiekuna- kap\u0142ana obdarzonego tytu\u0142em : przewodnik grupy. W grupie znacz\u0105cy udzia\u0142 maj\u0105 osoby b\u0119d\u0105ce animatorami, tworz\u0105cy : s\u0142u\u017cb\u0119 medyczn\u0105, grup\u0119 muzyczn\u0105, a tak\u017ce s\u0142u\u017cb\u0119 porz\u0105dkow\u0105. Bogactwo grupy stanowi\u0105 sami pielgrzymi, r\u00f3\u017cnego wieku, zawodu i stanu (m.in. siostry zakonne, klerycy). Przez kolejne lata jedne grupy si\u0119 rozrasta\u0142y, tworzy\u0142y nowe z ju\u017c powsta\u0142ych oraz powstawa\u0142y w niekt\u00f3rych o\u015brodkach nowe, kt\u00f3re zg\u0142asza\u0142y ch\u0119\u0107 p\u00f3j\u015bcia w pielgrzymce. Od roku 1991, cz\u0119\u015b\u0107 grup wyrusza z Gorzowa a cz\u0119\u015b\u0107 z Zielonej G\u00f3ry, krocz\u0105c oddzielnie a\u017c do Gostynia, gdzie nast\u0119powa\u0142o po\u0142\u0105czenie i odt\u0105d tworzyli jedn\u0105 wsp\u00f3lnot\u0119 pielgrzymkow\u0105 \u2013 razem nawet 12 grup. Pojawi\u0142a si\u0119 nowa grupa \u2013 namiotowa. W roku 2001 podj\u0119to my\u015bl, aby grupy wyruszaj\u0105ce z Zielonej G\u00f3ry, kroczy\u0142y nowa tras\u0105, a tym samym samodzielnie, a\u017c w okolice Cz\u0119stochowy, gdzie nast\u0119puje po\u0142\u0105czenie i wsp\u00f3lne wej\u015bcie na Jasn\u0105 G\u00f3r\u0119. Tam tak\u017ce \u0142\u0105czymy si\u0119 z pielgrzymami id\u0105cymi samodzieln\u0105 tras\u0105 z G\u0142ogowa oraz uczestnikami pielgrzymki nauczycieli, \u201eWarsztaty w drodze\u201d. <\/span><\/p><p align=\"justify\"><span style=\"font-size: medium;\">Przygotowanie pielgrzymki trwa ca\u0142y rok. Pracuje nad tym tzw. baza pielgrzymki, czyli grupa ksi\u0119\u017cy i os\u00f3b \u015bwieckich. Podejmuj\u0105 oni wiele zada\u0144, kt\u00f3re wymagaj\u0105 wcze\u015bniejszego za\u0142atwienia, m.in. przygotowanie plakatu, znaczk\u00f3w identyfikacyjnych, kart pielgrzyma. Nale\u017cy tak\u017ce dokona\u0107 sprawdzenia trasy pielgrzymki, jak r\u00f3wnie\u017c mo\u017cliwo\u015bci noclegu w poszczeg\u00f3lnych miejscowo\u015bciach. Zadaniem szczeg\u00f3lnym jest zapewnienie wszechstronnej opieki : duchowej, medycznej, porz\u0105dku na trasie pielgrzymki, wy\u017cywienia, czyli gor\u0105cego posi\u0142ku z kuchni pielgrzymkowej, ubezpieczenia pielgrzym\u00f3w i przygotowanie wielu innych spraw, aby pielgrzymowanie mog\u0142o odbywa\u0107 si\u0119 sprawnie, bezpiecznie i owocnie. Baza w czasie pielgrzymki to kierownictwo pielgrzymki &#8211; szef kwatermistrzostwa, kierownicy trasy, s\u0142u\u017cba medyczna m. in. lekarz, s\u0142u\u017cba porz\u0105dkowa, jak r\u00f3wnie\u017c kuchnia wraz z obs\u0142ug\u0105, w tym grupa kierowc\u00f3w. <\/span><\/p><p align=\"justify\"><span style=\"font-size: medium;\">Wsp\u00f3lnot\u0119 pielgrzymkow\u0105 tworz\u0105 zar\u00f3wno id\u0105cy, jak i pozostaj\u0105cy z r\u00f3\u017cnych wzgl\u0119d\u00f3w w domach, ale \u0142\u0105cz\u0105cy si\u0119 duchowo z pielgrzymk\u0105, przyjaciele pielgrzymki, a tak\u017ce duchowi pielgrzymi. Wi\u0119\u017a ta wyra\u017ca si\u0119 w szczeg\u00f3lny spos\u00f3b we wzajemnej modlitwie. <\/span><\/p><p align=\"justify\"><span style=\"font-size: medium;\">Dbajmy o dobre imi\u0119 pielgrzymki i pami\u0119tajmy, \u017ce w r\u00f3\u017cny spos\u00f3b wszyscy pielgrzymi tworz\u0105 jej historie. Jest to wsp\u00f3lne dzie\u0142o ewangelizacyjne, b\u0119d\u0105ce odbiciem naszego ziemskiego pielgrzymowania.<\/span><\/p>\t\t\t\t\t\t\t\t<\/div>\n\t\t\t\t<\/div>\n\t\t\t\t\t<\/div>\n\t\t<\/div>\n\t\t\t\t\t<\/div>\n\t\t<\/section>\n\t\t\t\t<section class=\"elementor-section elementor-top-section elementor-element elementor-element-4c94f4d elementor-section-boxed elementor-section-height-default elementor-section-height-default\" data-id=\"4c94f4d\" data-element_type=\"section\" data-e-type=\"section\">\n\t\t\t\t\t\t<div class=\"elementor-container elementor-column-gap-default\">\n\t\t\t\t\t<div class=\"elementor-column elementor-col-100 elementor-top-column elementor-element elementor-element-d1ad2a3\" data-id=\"d1ad2a3\" data-element_type=\"column\" data-e-type=\"column\">\n\t\t\t<div class=\"elementor-widget-wrap elementor-element-populated\">\n\t\t\t\t\t\t<div class=\"elementor-element elementor-element-fed2044 elementor-widget elementor-widget-text-editor\" data-id=\"fed2044\" data-element_type=\"widget\" data-e-type=\"widget\" data-widget_type=\"text-editor.default\">\n\t\t\t\t<div class=\"elementor-widget-container\">\n\t\t\t\t\t\t\t\t\t<p>\u00a0<\/p><p>\u00a0<\/p>\t\t\t\t\t\t\t\t<\/div>\n\t\t\t\t<\/div>\n\t\t\t\t\t<\/div>\n\t\t<\/div>\n\t\t\t\t\t<\/div>\n\t\t<\/section>\n\t\t\t\t<section class=\"elementor-section elementor-top-section elementor-element elementor-element-83e461b elementor-section-boxed elementor-section-height-default elementor-section-height-default\" data-id=\"83e461b\" data-element_type=\"section\" data-e-type=\"section\">\n\t\t\t\t\t\t<div class=\"elementor-container elementor-column-gap-default\">\n\t\t\t\t\t<div class=\"elementor-column elementor-col-50 elementor-top-column elementor-element elementor-element-f16dc2c\" data-id=\"f16dc2c\" data-element_type=\"column\" data-e-type=\"column\">\n\t\t\t<div class=\"elementor-widget-wrap elementor-element-populated\">\n\t\t\t\t\t\t<div class=\"elementor-element elementor-element-fe7c66f elementor-widget elementor-widget-heading\" data-id=\"fe7c66f\" data-element_type=\"widget\" data-e-type=\"widget\" data-widget_type=\"heading.default\">\n\t\t\t\t<div class=\"elementor-widget-container\">\n\t\t\t\t\t<h2 class=\"elementor-heading-title elementor-size-default\">KARTA DUCHOWEGO PIELGRZYMA<\/h2>\t\t\t\t<\/div>\n\t\t\t\t<\/div>\n\t\t\t\t<div class=\"elementor-element elementor-element-ac77bba elementor-widget elementor-widget-text-editor\" data-id=\"ac77bba\" data-element_type=\"widget\" data-e-type=\"widget\" data-widget_type=\"text-editor.default\">\n\t\t\t\t<div class=\"elementor-widget-container\">\n\t\t\t\t\t\t\t\t\tDrodzy Siostry i Bracia!<\/span>\n<p align=\"justify\">Przed wyruszeniem na pielgrzymi szlak chcemy zaprosi\u0107 do towarzyszenia nam wszystkich Duchowych Pielgrzym\u00f3w. Ka\u017cdego kto z racji swego stanu zdrowia, s\u0119dziwego wieku lub braku urlopu nie mo\u017ce pielgrzymowa\u0107 pieszo. Zechciejcie towarzyszy\u0107 nam w pielgrzymowaniu swoj\u0105 duchow\u0105 obecno\u015bci\u0105. Prosimy o to, aby chocia\u017c cz\u0119\u015b\u0107 z krzy\u017ca Waszych trud\u00f3w i cierpie\u0144 zosta\u0142a z\u0142o\u017cona Bogu w ofierze na poczet tych intencji, kt\u00f3re niesiemy ze sob\u0105 na Jasn\u0105 G\u00f3r\u0119. Pielgrzymuj\u0105c prosimy o pok\u00f3j i pojednanie na \u015bwiecie, o mi\u0142o\u015b\u0107 w naszej Ojczy\u017anie i naszych rodzinach, o przemian\u0119 serc i sumie\u0144 ludzkich. Obiecujemy z naszej strony wdzi\u0119czn\u0105 pami\u0119\u0107 w modlitwie i pielgrzymim trudzie. W ten spos\u00f3b stworzymy duchow\u0105 wsp\u00f3lnot\u0119 pielgrzymuj\u0105cych do Boga u boku Bo\u017cej Rodzicielki Maryi.<\/span><\/p>\n<p align=\"justify\">Prosimy ka\u017cdego <\/span><b>Duchowego Pielgrzyma<\/b><\/span><span style=\"font-family: Times New Roman, serif;\"> o:<\/span><\/p>\n\n<ul>\n \t<li>codzienn\u0105 modlitw\u0119 jednego dziesi\u0105tka R\u00f3\u017ca\u0144ca \u015bw.,<\/li>\n \t<li>codzienne nawiedzenie ko\u015bcio\u0142a lub je\u015bli to niemo\u017cliwe modlitw\u0119 przed wizerunkiem Matki Bo\u017cej<\/li>\n \t<li>dowolne wyrzeczenie<\/li>\n<\/ul>\n<p align=\"justify\">Zapraszamy Duchowych Pielgrzym\u00f3w do uczestniczenia w po\u017cegnaniu pielgrzym\u00f3w w miejscach wymarszu poszczeg\u00f3lnych grup i do powitania Pielgrzymki na Jasnej G\u00f3rze w dniu 12 VIII o godz. 11.00.<\/p>\n<p align=\"justify\">Ks. Krzysztof<\/p>\n<p align=\"justify\"><\/p>\t\t\t\t\t\t\t\t<\/div>\n\t\t\t\t<\/div>\n\t\t\t\t\t<\/div>\n\t\t<\/div>\n\t\t\t\t<div class=\"elementor-column elementor-col-50 elementor-top-column elementor-element elementor-element-8d89497\" data-id=\"8d89497\" data-element_type=\"column\" data-e-type=\"column\">\n\t\t\t<div class=\"elementor-widget-wrap elementor-element-populated\">\n\t\t\t\t\t\t<div class=\"elementor-element elementor-element-2a5d359 elementor-widget elementor-widget-heading\" data-id=\"2a5d359\" data-element_type=\"widget\" data-e-type=\"widget\" data-widget_type=\"heading.default\">\n\t\t\t\t<div class=\"elementor-widget-container\">\n\t\t\t\t\t<h2 class=\"elementor-heading-title elementor-size-default\">MODLITWA DUCHOWEGO PIELGRZYMA<\/h2>\t\t\t\t<\/div>\n\t\t\t\t<\/div>\n\t\t\t\t<div class=\"elementor-element elementor-element-d7b712b elementor-widget elementor-widget-text-editor\" data-id=\"d7b712b\" data-element_type=\"widget\" data-e-type=\"widget\" data-widget_type=\"text-editor.default\">\n\t\t\t\t<div class=\"elementor-widget-container\">\n\t\t\t\t\t\t\t\t\t<p align=\"justify\">Jasnog\u00f3rska Pani Bogarodzico Dziewico. W Twym Niepokalanym Sercu sk\u0142adam moje duchowe pielgrzymowanie. \u0141\u0105cz\u0105c si\u0119 duchem i modlitw\u0105 z p\u0105tnikami zmierzaj\u0105cymi ku Jasnej G\u00f3rze oddaj\u0119 Ci Matko moje rado\u015bci i troski, spotkania i rozmowy, pragnienia i dobre uczynki. Moje prace \u0142\u0105cz\u0119 z Twoimi pracami w Nazarecie, cierpienia i upokorzenia z Twoim trwaniem pod Krzy\u017cem Jezusa na Kalwarii. Matko Bo\u017ca patronko p\u0105tnik\u00f3w, nios\u0105ca pomoc \u015awi\u0119tej El\u017cbiecie, pielgrzymuj\u0105ca z rodzin\u0105 do Jerozolimy, oddal ode mnie wszelkie zasadzki z\u0142ego ducha, upro\u015b opiek\u0119 \u015awi\u0119tych Anio\u0142\u00f3w, aby mnie strzegli w drodze i szcz\u0119\u015bliwie doprowadzili do celu. B\u0105d\u017a Przewodniczk\u0105 na wszystkich drogach mojego \u017cycia i ucz mnie wype\u0142nia\u0107 wol\u0119 Ojca, pog\u0142\u0119bia\u0107 wi\u0119\u017a z Jezusem, odczytywa\u0107 natchnienia Ducha \u015awi\u0119tego. A kiedy przyjdzie kres mojego ziemskiego pielgrzymowania, b\u0105d\u017a przy mnie i zaprowad\u017a bezpiecznie do niebieskiej Ojczyzny. Amen<\/p>\t\t\t\t\t\t\t\t<\/div>\n\t\t\t\t<\/div>\n\t\t\t\t\t<\/div>\n\t\t<\/div>\n\t\t\t\t\t<\/div>\n\t\t<\/section>\n\t\t\t\t<\/div>\n\t\t","protected":false},"excerpt":{"rendered":"<p>O PIESZEJ PIELGRZYMCE Z GORZOWA NA JASN\u0104 G\u00d3R\u0118 \u201ePolacy przyzwyczaili si\u0119 przybywa\u0107 na Jasn\u0105 G\u00f3r\u0119, aby m\u00f3wi\u0107 o wszystkim swojej Matce\u201d- powiedzia\u0142 4. 06. 1979 r. na Jasnej G\u00f3rze b\u0142. Jan Pawe\u0142 II. Jasna G\u00f3ra jest nie tylko miejscem pielgrzymek Polak\u00f3w z Polski i ca\u0142ego \u015bwiata. Jest Sanktuarium Narodu. Pierwsza Piesza Pielgrzymka z Gorzowa na&hellip; <br \/> <a class=\"read-more\" href=\"https:\/\/pielgrzymkagorzowska.diecezjazg.pl\/index.php\/o-pielgrzymce\/\">Dowiedz si\u0119 wi\u0119cej<\/a><\/p>\n","protected":false},"author":2,"featured_media":0,"parent":0,"menu_order":0,"comment_status":"closed","ping_status":"closed","template":"","meta":{"footnotes":""},"class_list":["post-18","page","type-page","status-publish","hentry"],"_links":{"self":[{"href":"https:\/\/pielgrzymkagorzowska.diecezjazg.pl\/index.php\/wp-json\/wp\/v2\/pages\/18","targetHints":{"allow":["GET"]}}],"collection":[{"href":"https:\/\/pielgrzymkagorzowska.diecezjazg.pl\/index.php\/wp-json\/wp\/v2\/pages"}],"about":[{"href":"https:\/\/pielgrzymkagorzowska.diecezjazg.pl\/index.php\/wp-json\/wp\/v2\/types\/page"}],"author":[{"embeddable":true,"href":"https:\/\/pielgrzymkagorzowska.diecezjazg.pl\/index.php\/wp-json\/wp\/v2\/users\/2"}],"replies":[{"embeddable":true,"href":"https:\/\/pielgrzymkagorzowska.diecezjazg.pl\/index.php\/wp-json\/wp\/v2\/comments?post=18"}],"version-history":[{"count":27,"href":"https:\/\/pielgrzymkagorzowska.diecezjazg.pl\/index.php\/wp-json\/wp\/v2\/pages\/18\/revisions"}],"predecessor-version":[{"id":201,"href":"https:\/\/pielgrzymkagorzowska.diecezjazg.pl\/index.php\/wp-json\/wp\/v2\/pages\/18\/revisions\/201"}],"wp:attachment":[{"href":"https:\/\/pielgrzymkagorzowska.diecezjazg.pl\/index.php\/wp-json\/wp\/v2\/media?parent=18"}],"curies":[{"name":"wp","href":"https:\/\/api.w.org\/{rel}","templated":true}]}}