{"id":149,"date":"2021-06-10T13:45:53","date_gmt":"2021-06-10T11:45:53","guid":{"rendered":"http:\/\/pielgrzymkagorzowska.diecezjazg.pl\/?page_id=149"},"modified":"2022-06-28T00:23:23","modified_gmt":"2022-06-27T22:23:23","slug":"informacje","status":"publish","type":"page","link":"https:\/\/pielgrzymkagorzowska.diecezjazg.pl\/index.php\/informacje\/","title":{"rendered":"Informacje"},"content":{"rendered":"\t\t<div data-elementor-type=\"wp-page\" data-elementor-id=\"149\" class=\"elementor elementor-149\">\n\t\t\t\t\t\t<section class=\"elementor-section elementor-top-section elementor-element elementor-element-1a3fd13 elementor-section-boxed elementor-section-height-default elementor-section-height-default\" data-id=\"1a3fd13\" data-element_type=\"section\" data-e-type=\"section\">\n\t\t\t\t\t\t<div class=\"elementor-container elementor-column-gap-default\">\n\t\t\t\t\t<div class=\"elementor-column elementor-col-100 elementor-top-column elementor-element elementor-element-893e1b0\" data-id=\"893e1b0\" data-element_type=\"column\" data-e-type=\"column\">\n\t\t\t<div class=\"elementor-widget-wrap elementor-element-populated\">\n\t\t\t\t\t\t<div class=\"elementor-element elementor-element-c4efe4b elementor-widget elementor-widget-heading\" data-id=\"c4efe4b\" data-element_type=\"widget\" data-e-type=\"widget\" data-widget_type=\"heading.default\">\n\t\t\t\t<div class=\"elementor-widget-container\">\n\t\t\t\t\t<h2 class=\"elementor-heading-title elementor-size-default\"><p style=\"margin-bottom: 0.28cm;line-height: 108%\">40-lecie pieszej pielgrzymki z Gorzowa Wlkp. na Jasn\u0105 G\u00f3r\u0119<\/p><\/h2>\t\t\t\t<\/div>\n\t\t\t\t<\/div>\n\t\t\t\t<div class=\"elementor-element elementor-element-69abb2d elementor-widget elementor-widget-text-editor\" data-id=\"69abb2d\" data-element_type=\"widget\" data-e-type=\"widget\" data-widget_type=\"text-editor.default\">\n\t\t\t\t<div class=\"elementor-widget-container\">\n\t\t\t\t\t\t\t\t\t<p style=\"margin-bottom: 0.28cm; line-height: 108%;\">W miniony czwartek, 16 czerwca, Plac Katedralny o\u017cy\u0142! To za spraw\u0105 wydarze\u0144 i atrakcji, kt\u00f3re odby\u0142y si\u0119 tu\u017c po procesji wiernych w uroczysto\u015b\u0107 Bo\u017cego Cia\u0142a. Tego dnia \u015bwi\u0119towali\u015bmy 40-lecie pieszej pielgrzymki z Gorzowa Wlkp. na Jasn\u0105 G\u00f3r\u0119.<\/p><p style=\"margin-bottom: 0.28cm; line-height: 108%;\">Mo\u017cna by\u0142o obejrze\u0107 wyst\u0119py zespo\u0142\u00f3w m.in. Nowonarodzeni, Siloe, K\u0142odawianki czy kwartet smyczkowy z Filharmonii Gorzowskiej.<\/p><p style=\"margin-bottom: 0.28cm; line-height: 108%;\">Podczas festynu pt. \u201e40 lat min\u0119\u0142o\u2026\u201d ch\u0119tni mogli zam\u00f3wi\u0107 intencj\u0119 pielgrzymkow\u0105, zakupi\u0107 cegie\u0142k\u0119 w ramach wsparcia pielgrzym\u00f3w a nawet wylicytowa\u0107 spotkanie z Bartoszem Zmarzlikiem.<\/p><p style=\"margin-bottom: 0.28cm; line-height: 108%;\">Ca\u0142o\u015b\u0107 dope\u0142ni\u0142y stoiska z domowymi wypiekami, kie\u0142baskami, groch\u00f3wk\u0105 oraz loteria fantowa.<\/p><p style=\"margin-bottom: 0.28cm; line-height: 108%;\">Dzie\u0144 festynu zapocz\u0105tkowa\u0142 intensywne przygotowania do jubileuszowej 40. pieszej pielgrzymki na Jasn\u0105 G\u00f3r\u0119.<\/p>\t\t\t\t\t\t\t\t<\/div>\n\t\t\t\t<\/div>\n\t\t\t\t\t<\/div>\n\t\t<\/div>\n\t\t\t\t\t<\/div>\n\t\t<\/section>\n\t\t\t\t<section class=\"elementor-section elementor-top-section elementor-element elementor-element-9854ff2 elementor-section-boxed elementor-section-height-default elementor-section-height-default\" data-id=\"9854ff2\" data-element_type=\"section\" data-e-type=\"section\">\n\t\t\t\t\t\t<div class=\"elementor-container elementor-column-gap-default\">\n\t\t\t\t\t<div class=\"elementor-column elementor-col-100 elementor-top-column elementor-element elementor-element-efb1027\" data-id=\"efb1027\" data-element_type=\"column\" data-e-type=\"column\">\n\t\t\t<div class=\"elementor-widget-wrap elementor-element-populated\">\n\t\t\t\t\t\t<div class=\"elementor-element elementor-element-e43c577 elementor-widget elementor-widget-image-gallery\" data-id=\"e43c577\" data-element_type=\"widget\" data-e-type=\"widget\" data-widget_type=\"image-gallery.default\">\n\t\t\t\t<div class=\"elementor-widget-container\">\n\t\t\t\t\t\t\t<div class=\"elementor-image-gallery\">\n\t\t\t\n\t\t<style type=\"text\/css\">\n\t\t\t#gallery-1 {\n\t\t\t\tmargin: auto;\n\t\t\t}\n\t\t\t#gallery-1 .gallery-item {\n\t\t\t\tfloat: left;\n\t\t\t\tmargin-top: 10px;\n\t\t\t\ttext-align: center;\n\t\t\t\twidth: 50%;\n\t\t\t}\n\t\t\t#gallery-1 img {\n\t\t\t\tborder: 2px solid #cfcfcf;\n\t\t\t}\n\t\t\t#gallery-1 .gallery-caption {\n\t\t\t\tmargin-left: 0;\n\t\t\t}\n\t\t\t\/* see gallery_shortcode() in wp-includes\/media.php *\/\n\t\t<\/style>\n\t\t<div id='gallery-1' class='gallery galleryid-149 gallery-columns-2 gallery-size-medium_large'><dl class='gallery-item'>\n\t\t\t<dt class='gallery-icon portrait'>\n\t\t\t\t<a data-elementor-open-lightbox=\"yes\" data-elementor-lightbox-slideshow=\"e43c577\" data-elementor-lightbox-title=\"24\" data-e-action-hash=\"#elementor-action%3Aaction%3Dlightbox%26settings%3DeyJpZCI6NDM4LCJ1cmwiOiJodHRwczpcL1wvcGllbGdyenlta2Fnb3J6b3dza2EuZGllY2V6amF6Zy5wbFwvd3AtY29udGVudFwvdXBsb2Fkc1wvMjAyMlwvMDZcLzI0LXNjYWxlZC5qcGVnIiwic2xpZGVzaG93IjoiZTQzYzU3NyJ9\" href='https:\/\/pielgrzymkagorzowska.diecezjazg.pl\/wp-content\/uploads\/2022\/06\/24-scaled.jpeg'><img fetchpriority=\"high\" decoding=\"async\" width=\"768\" height=\"1152\" src=\"https:\/\/pielgrzymkagorzowska.diecezjazg.pl\/wp-content\/uploads\/2022\/06\/24-768x1152.jpeg\" class=\"attachment-medium_large size-medium_large\" alt=\"\" srcset=\"https:\/\/pielgrzymkagorzowska.diecezjazg.pl\/wp-content\/uploads\/2022\/06\/24-768x1152.jpeg 768w, https:\/\/pielgrzymkagorzowska.diecezjazg.pl\/wp-content\/uploads\/2022\/06\/24-200x300.jpeg 200w, https:\/\/pielgrzymkagorzowska.diecezjazg.pl\/wp-content\/uploads\/2022\/06\/24-683x1024.jpeg 683w, https:\/\/pielgrzymkagorzowska.diecezjazg.pl\/wp-content\/uploads\/2022\/06\/24-1024x1536.jpeg 1024w, https:\/\/pielgrzymkagorzowska.diecezjazg.pl\/wp-content\/uploads\/2022\/06\/24-1365x2048.jpeg 1365w, https:\/\/pielgrzymkagorzowska.diecezjazg.pl\/wp-content\/uploads\/2022\/06\/24-720x1080.jpeg 720w, https:\/\/pielgrzymkagorzowska.diecezjazg.pl\/wp-content\/uploads\/2022\/06\/24-scaled.jpeg 1707w\" sizes=\"(max-width: 768px) 100vw, 768px\" \/><\/a>\n\t\t\t<\/dt><\/dl><dl class='gallery-item'>\n\t\t\t<dt class='gallery-icon portrait'>\n\t\t\t\t<a data-elementor-open-lightbox=\"yes\" data-elementor-lightbox-slideshow=\"e43c577\" data-elementor-lightbox-title=\"1\" data-e-action-hash=\"#elementor-action%3Aaction%3Dlightbox%26settings%3DeyJpZCI6NDM5LCJ1cmwiOiJodHRwczpcL1wvcGllbGdyenlta2Fnb3J6b3dza2EuZGllY2V6amF6Zy5wbFwvd3AtY29udGVudFwvdXBsb2Fkc1wvMjAyMlwvMDZcLzEtc2NhbGVkLmpwZWciLCJzbGlkZXNob3ciOiJlNDNjNTc3In0%3D\" href='https:\/\/pielgrzymkagorzowska.diecezjazg.pl\/wp-content\/uploads\/2022\/06\/1-scaled.jpeg'><img decoding=\"async\" width=\"768\" height=\"1152\" src=\"https:\/\/pielgrzymkagorzowska.diecezjazg.pl\/wp-content\/uploads\/2022\/06\/1-768x1152.jpeg\" class=\"attachment-medium_large size-medium_large\" alt=\"\" srcset=\"https:\/\/pielgrzymkagorzowska.diecezjazg.pl\/wp-content\/uploads\/2022\/06\/1-768x1152.jpeg 768w, https:\/\/pielgrzymkagorzowska.diecezjazg.pl\/wp-content\/uploads\/2022\/06\/1-200x300.jpeg 200w, https:\/\/pielgrzymkagorzowska.diecezjazg.pl\/wp-content\/uploads\/2022\/06\/1-683x1024.jpeg 683w, https:\/\/pielgrzymkagorzowska.diecezjazg.pl\/wp-content\/uploads\/2022\/06\/1-1024x1536.jpeg 1024w, https:\/\/pielgrzymkagorzowska.diecezjazg.pl\/wp-content\/uploads\/2022\/06\/1-1365x2048.jpeg 1365w, https:\/\/pielgrzymkagorzowska.diecezjazg.pl\/wp-content\/uploads\/2022\/06\/1-720x1080.jpeg 720w, https:\/\/pielgrzymkagorzowska.diecezjazg.pl\/wp-content\/uploads\/2022\/06\/1-scaled.jpeg 1707w\" sizes=\"(max-width: 768px) 100vw, 768px\" \/><\/a>\n\t\t\t<\/dt><\/dl><br style=\"clear: both\" \/><dl class='gallery-item'>\n\t\t\t<dt class='gallery-icon portrait'>\n\t\t\t\t<a data-elementor-open-lightbox=\"yes\" data-elementor-lightbox-slideshow=\"e43c577\" data-elementor-lightbox-title=\"2\" data-e-action-hash=\"#elementor-action%3Aaction%3Dlightbox%26settings%3DeyJpZCI6NDQwLCJ1cmwiOiJodHRwczpcL1wvcGllbGdyenlta2Fnb3J6b3dza2EuZGllY2V6amF6Zy5wbFwvd3AtY29udGVudFwvdXBsb2Fkc1wvMjAyMlwvMDZcLzItc2NhbGVkLmpwZWciLCJzbGlkZXNob3ciOiJlNDNjNTc3In0%3D\" href='https:\/\/pielgrzymkagorzowska.diecezjazg.pl\/wp-content\/uploads\/2022\/06\/2-scaled.jpeg'><img decoding=\"async\" width=\"768\" height=\"1152\" src=\"https:\/\/pielgrzymkagorzowska.diecezjazg.pl\/wp-content\/uploads\/2022\/06\/2-768x1152.jpeg\" class=\"attachment-medium_large size-medium_large\" alt=\"\" srcset=\"https:\/\/pielgrzymkagorzowska.diecezjazg.pl\/wp-content\/uploads\/2022\/06\/2-768x1152.jpeg 768w, https:\/\/pielgrzymkagorzowska.diecezjazg.pl\/wp-content\/uploads\/2022\/06\/2-200x300.jpeg 200w, https:\/\/pielgrzymkagorzowska.diecezjazg.pl\/wp-content\/uploads\/2022\/06\/2-683x1024.jpeg 683w, https:\/\/pielgrzymkagorzowska.diecezjazg.pl\/wp-content\/uploads\/2022\/06\/2-1024x1536.jpeg 1024w, https:\/\/pielgrzymkagorzowska.diecezjazg.pl\/wp-content\/uploads\/2022\/06\/2-1365x2048.jpeg 1365w, https:\/\/pielgrzymkagorzowska.diecezjazg.pl\/wp-content\/uploads\/2022\/06\/2-720x1080.jpeg 720w, https:\/\/pielgrzymkagorzowska.diecezjazg.pl\/wp-content\/uploads\/2022\/06\/2-scaled.jpeg 1707w\" sizes=\"(max-width: 768px) 100vw, 768px\" \/><\/a>\n\t\t\t<\/dt><\/dl><dl class='gallery-item'>\n\t\t\t<dt class='gallery-icon portrait'>\n\t\t\t\t<a data-elementor-open-lightbox=\"yes\" data-elementor-lightbox-slideshow=\"e43c577\" data-elementor-lightbox-title=\"3\" data-e-action-hash=\"#elementor-action%3Aaction%3Dlightbox%26settings%3DeyJpZCI6NDQxLCJ1cmwiOiJodHRwczpcL1wvcGllbGdyenlta2Fnb3J6b3dza2EuZGllY2V6amF6Zy5wbFwvd3AtY29udGVudFwvdXBsb2Fkc1wvMjAyMlwvMDZcLzMtc2NhbGVkLmpwZWciLCJzbGlkZXNob3ciOiJlNDNjNTc3In0%3D\" href='https:\/\/pielgrzymkagorzowska.diecezjazg.pl\/wp-content\/uploads\/2022\/06\/3-scaled.jpeg'><img loading=\"lazy\" decoding=\"async\" width=\"768\" height=\"1152\" src=\"https:\/\/pielgrzymkagorzowska.diecezjazg.pl\/wp-content\/uploads\/2022\/06\/3-768x1152.jpeg\" class=\"attachment-medium_large size-medium_large\" alt=\"\" srcset=\"https:\/\/pielgrzymkagorzowska.diecezjazg.pl\/wp-content\/uploads\/2022\/06\/3-768x1152.jpeg 768w, https:\/\/pielgrzymkagorzowska.diecezjazg.pl\/wp-content\/uploads\/2022\/06\/3-200x300.jpeg 200w, https:\/\/pielgrzymkagorzowska.diecezjazg.pl\/wp-content\/uploads\/2022\/06\/3-683x1024.jpeg 683w, https:\/\/pielgrzymkagorzowska.diecezjazg.pl\/wp-content\/uploads\/2022\/06\/3-1024x1536.jpeg 1024w, https:\/\/pielgrzymkagorzowska.diecezjazg.pl\/wp-content\/uploads\/2022\/06\/3-1365x2048.jpeg 1365w, https:\/\/pielgrzymkagorzowska.diecezjazg.pl\/wp-content\/uploads\/2022\/06\/3-720x1080.jpeg 720w, https:\/\/pielgrzymkagorzowska.diecezjazg.pl\/wp-content\/uploads\/2022\/06\/3-scaled.jpeg 1707w\" sizes=\"(max-width: 768px) 100vw, 768px\" \/><\/a>\n\t\t\t<\/dt><\/dl><br style=\"clear: both\" \/><dl class='gallery-item'>\n\t\t\t<dt class='gallery-icon portrait'>\n\t\t\t\t<a data-elementor-open-lightbox=\"yes\" data-elementor-lightbox-slideshow=\"e43c577\" data-elementor-lightbox-title=\"4\" data-e-action-hash=\"#elementor-action%3Aaction%3Dlightbox%26settings%3DeyJpZCI6NDQyLCJ1cmwiOiJodHRwczpcL1wvcGllbGdyenlta2Fnb3J6b3dza2EuZGllY2V6amF6Zy5wbFwvd3AtY29udGVudFwvdXBsb2Fkc1wvMjAyMlwvMDZcLzQtc2NhbGVkLmpwZWciLCJzbGlkZXNob3ciOiJlNDNjNTc3In0%3D\" href='https:\/\/pielgrzymkagorzowska.diecezjazg.pl\/wp-content\/uploads\/2022\/06\/4-scaled.jpeg'><img loading=\"lazy\" decoding=\"async\" width=\"768\" height=\"1152\" src=\"https:\/\/pielgrzymkagorzowska.diecezjazg.pl\/wp-content\/uploads\/2022\/06\/4-768x1152.jpeg\" class=\"attachment-medium_large size-medium_large\" alt=\"\" srcset=\"https:\/\/pielgrzymkagorzowska.diecezjazg.pl\/wp-content\/uploads\/2022\/06\/4-768x1152.jpeg 768w, https:\/\/pielgrzymkagorzowska.diecezjazg.pl\/wp-content\/uploads\/2022\/06\/4-200x300.jpeg 200w, https:\/\/pielgrzymkagorzowska.diecezjazg.pl\/wp-content\/uploads\/2022\/06\/4-683x1024.jpeg 683w, https:\/\/pielgrzymkagorzowska.diecezjazg.pl\/wp-content\/uploads\/2022\/06\/4-1024x1536.jpeg 1024w, https:\/\/pielgrzymkagorzowska.diecezjazg.pl\/wp-content\/uploads\/2022\/06\/4-1365x2048.jpeg 1365w, https:\/\/pielgrzymkagorzowska.diecezjazg.pl\/wp-content\/uploads\/2022\/06\/4-720x1080.jpeg 720w, https:\/\/pielgrzymkagorzowska.diecezjazg.pl\/wp-content\/uploads\/2022\/06\/4-scaled.jpeg 1707w\" sizes=\"(max-width: 768px) 100vw, 768px\" \/><\/a>\n\t\t\t<\/dt><\/dl><dl class='gallery-item'>\n\t\t\t<dt class='gallery-icon portrait'>\n\t\t\t\t<a data-elementor-open-lightbox=\"yes\" data-elementor-lightbox-slideshow=\"e43c577\" data-elementor-lightbox-title=\"5\" data-e-action-hash=\"#elementor-action%3Aaction%3Dlightbox%26settings%3DeyJpZCI6NDQzLCJ1cmwiOiJodHRwczpcL1wvcGllbGdyenlta2Fnb3J6b3dza2EuZGllY2V6amF6Zy5wbFwvd3AtY29udGVudFwvdXBsb2Fkc1wvMjAyMlwvMDZcLzUtc2NhbGVkLmpwZWciLCJzbGlkZXNob3ciOiJlNDNjNTc3In0%3D\" href='https:\/\/pielgrzymkagorzowska.diecezjazg.pl\/wp-content\/uploads\/2022\/06\/5-scaled.jpeg'><img loading=\"lazy\" decoding=\"async\" width=\"768\" height=\"1152\" src=\"https:\/\/pielgrzymkagorzowska.diecezjazg.pl\/wp-content\/uploads\/2022\/06\/5-768x1152.jpeg\" class=\"attachment-medium_large size-medium_large\" alt=\"\" srcset=\"https:\/\/pielgrzymkagorzowska.diecezjazg.pl\/wp-content\/uploads\/2022\/06\/5-768x1152.jpeg 768w, https:\/\/pielgrzymkagorzowska.diecezjazg.pl\/wp-content\/uploads\/2022\/06\/5-200x300.jpeg 200w, https:\/\/pielgrzymkagorzowska.diecezjazg.pl\/wp-content\/uploads\/2022\/06\/5-683x1024.jpeg 683w, https:\/\/pielgrzymkagorzowska.diecezjazg.pl\/wp-content\/uploads\/2022\/06\/5-1024x1536.jpeg 1024w, https:\/\/pielgrzymkagorzowska.diecezjazg.pl\/wp-content\/uploads\/2022\/06\/5-1365x2048.jpeg 1365w, https:\/\/pielgrzymkagorzowska.diecezjazg.pl\/wp-content\/uploads\/2022\/06\/5-720x1080.jpeg 720w, https:\/\/pielgrzymkagorzowska.diecezjazg.pl\/wp-content\/uploads\/2022\/06\/5-scaled.jpeg 1707w\" sizes=\"(max-width: 768px) 100vw, 768px\" \/><\/a>\n\t\t\t<\/dt><\/dl><br style=\"clear: both\" \/><dl class='gallery-item'>\n\t\t\t<dt class='gallery-icon portrait'>\n\t\t\t\t<a data-elementor-open-lightbox=\"yes\" data-elementor-lightbox-slideshow=\"e43c577\" data-elementor-lightbox-title=\"6\" data-e-action-hash=\"#elementor-action%3Aaction%3Dlightbox%26settings%3DeyJpZCI6NDQ0LCJ1cmwiOiJodHRwczpcL1wvcGllbGdyenlta2Fnb3J6b3dza2EuZGllY2V6amF6Zy5wbFwvd3AtY29udGVudFwvdXBsb2Fkc1wvMjAyMlwvMDZcLzYtc2NhbGVkLmpwZWciLCJzbGlkZXNob3ciOiJlNDNjNTc3In0%3D\" href='https:\/\/pielgrzymkagorzowska.diecezjazg.pl\/wp-content\/uploads\/2022\/06\/6-scaled.jpeg'><img loading=\"lazy\" decoding=\"async\" width=\"768\" height=\"1152\" src=\"https:\/\/pielgrzymkagorzowska.diecezjazg.pl\/wp-content\/uploads\/2022\/06\/6-768x1152.jpeg\" class=\"attachment-medium_large size-medium_large\" alt=\"\" srcset=\"https:\/\/pielgrzymkagorzowska.diecezjazg.pl\/wp-content\/uploads\/2022\/06\/6-768x1152.jpeg 768w, https:\/\/pielgrzymkagorzowska.diecezjazg.pl\/wp-content\/uploads\/2022\/06\/6-200x300.jpeg 200w, https:\/\/pielgrzymkagorzowska.diecezjazg.pl\/wp-content\/uploads\/2022\/06\/6-683x1024.jpeg 683w, https:\/\/pielgrzymkagorzowska.diecezjazg.pl\/wp-content\/uploads\/2022\/06\/6-1024x1536.jpeg 1024w, https:\/\/pielgrzymkagorzowska.diecezjazg.pl\/wp-content\/uploads\/2022\/06\/6-1365x2048.jpeg 1365w, https:\/\/pielgrzymkagorzowska.diecezjazg.pl\/wp-content\/uploads\/2022\/06\/6-720x1080.jpeg 720w, https:\/\/pielgrzymkagorzowska.diecezjazg.pl\/wp-content\/uploads\/2022\/06\/6-scaled.jpeg 1707w\" sizes=\"(max-width: 768px) 100vw, 768px\" \/><\/a>\n\t\t\t<\/dt><\/dl><dl class='gallery-item'>\n\t\t\t<dt class='gallery-icon portrait'>\n\t\t\t\t<a data-elementor-open-lightbox=\"yes\" data-elementor-lightbox-slideshow=\"e43c577\" data-elementor-lightbox-title=\"7\" data-e-action-hash=\"#elementor-action%3Aaction%3Dlightbox%26settings%3DeyJpZCI6NDQ1LCJ1cmwiOiJodHRwczpcL1wvcGllbGdyenlta2Fnb3J6b3dza2EuZGllY2V6amF6Zy5wbFwvd3AtY29udGVudFwvdXBsb2Fkc1wvMjAyMlwvMDZcLzctc2NhbGVkLmpwZWciLCJzbGlkZXNob3ciOiJlNDNjNTc3In0%3D\" href='https:\/\/pielgrzymkagorzowska.diecezjazg.pl\/wp-content\/uploads\/2022\/06\/7-scaled.jpeg'><img loading=\"lazy\" decoding=\"async\" width=\"768\" height=\"1152\" src=\"https:\/\/pielgrzymkagorzowska.diecezjazg.pl\/wp-content\/uploads\/2022\/06\/7-768x1152.jpeg\" class=\"attachment-medium_large size-medium_large\" alt=\"\" srcset=\"https:\/\/pielgrzymkagorzowska.diecezjazg.pl\/wp-content\/uploads\/2022\/06\/7-768x1152.jpeg 768w, https:\/\/pielgrzymkagorzowska.diecezjazg.pl\/wp-content\/uploads\/2022\/06\/7-200x300.jpeg 200w, https:\/\/pielgrzymkagorzowska.diecezjazg.pl\/wp-content\/uploads\/2022\/06\/7-683x1024.jpeg 683w, https:\/\/pielgrzymkagorzowska.diecezjazg.pl\/wp-content\/uploads\/2022\/06\/7-1024x1536.jpeg 1024w, https:\/\/pielgrzymkagorzowska.diecezjazg.pl\/wp-content\/uploads\/2022\/06\/7-1365x2048.jpeg 1365w, https:\/\/pielgrzymkagorzowska.diecezjazg.pl\/wp-content\/uploads\/2022\/06\/7-720x1080.jpeg 720w, https:\/\/pielgrzymkagorzowska.diecezjazg.pl\/wp-content\/uploads\/2022\/06\/7-scaled.jpeg 1707w\" sizes=\"(max-width: 768px) 100vw, 768px\" \/><\/a>\n\t\t\t<\/dt><\/dl><br style=\"clear: both\" \/><dl class='gallery-item'>\n\t\t\t<dt class='gallery-icon portrait'>\n\t\t\t\t<a data-elementor-open-lightbox=\"yes\" data-elementor-lightbox-slideshow=\"e43c577\" data-elementor-lightbox-title=\"8\" data-e-action-hash=\"#elementor-action%3Aaction%3Dlightbox%26settings%3DeyJpZCI6NDQ2LCJ1cmwiOiJodHRwczpcL1wvcGllbGdyenlta2Fnb3J6b3dza2EuZGllY2V6amF6Zy5wbFwvd3AtY29udGVudFwvdXBsb2Fkc1wvMjAyMlwvMDZcLzgtc2NhbGVkLmpwZWciLCJzbGlkZXNob3ciOiJlNDNjNTc3In0%3D\" href='https:\/\/pielgrzymkagorzowska.diecezjazg.pl\/wp-content\/uploads\/2022\/06\/8-scaled.jpeg'><img loading=\"lazy\" decoding=\"async\" width=\"768\" height=\"1152\" src=\"https:\/\/pielgrzymkagorzowska.diecezjazg.pl\/wp-content\/uploads\/2022\/06\/8-768x1152.jpeg\" class=\"attachment-medium_large size-medium_large\" alt=\"\" srcset=\"https:\/\/pielgrzymkagorzowska.diecezjazg.pl\/wp-content\/uploads\/2022\/06\/8-768x1152.jpeg 768w, https:\/\/pielgrzymkagorzowska.diecezjazg.pl\/wp-content\/uploads\/2022\/06\/8-200x300.jpeg 200w, https:\/\/pielgrzymkagorzowska.diecezjazg.pl\/wp-content\/uploads\/2022\/06\/8-683x1024.jpeg 683w, https:\/\/pielgrzymkagorzowska.diecezjazg.pl\/wp-content\/uploads\/2022\/06\/8-1024x1536.jpeg 1024w, https:\/\/pielgrzymkagorzowska.diecezjazg.pl\/wp-content\/uploads\/2022\/06\/8-1365x2048.jpeg 1365w, https:\/\/pielgrzymkagorzowska.diecezjazg.pl\/wp-content\/uploads\/2022\/06\/8-720x1080.jpeg 720w, https:\/\/pielgrzymkagorzowska.diecezjazg.pl\/wp-content\/uploads\/2022\/06\/8-scaled.jpeg 1707w\" sizes=\"(max-width: 768px) 100vw, 768px\" \/><\/a>\n\t\t\t<\/dt><\/dl><dl class='gallery-item'>\n\t\t\t<dt class='gallery-icon landscape'>\n\t\t\t\t<a data-elementor-open-lightbox=\"yes\" data-elementor-lightbox-slideshow=\"e43c577\" data-elementor-lightbox-title=\"9\" data-e-action-hash=\"#elementor-action%3Aaction%3Dlightbox%26settings%3DeyJpZCI6NDQ3LCJ1cmwiOiJodHRwczpcL1wvcGllbGdyenlta2Fnb3J6b3dza2EuZGllY2V6amF6Zy5wbFwvd3AtY29udGVudFwvdXBsb2Fkc1wvMjAyMlwvMDZcLzkuanBlZyIsInNsaWRlc2hvdyI6ImU0M2M1NzcifQ%3D%3D\" href='https:\/\/pielgrzymkagorzowska.diecezjazg.pl\/wp-content\/uploads\/2022\/06\/9.jpeg'><img loading=\"lazy\" decoding=\"async\" width=\"768\" height=\"576\" src=\"https:\/\/pielgrzymkagorzowska.diecezjazg.pl\/wp-content\/uploads\/2022\/06\/9-768x576.jpeg\" class=\"attachment-medium_large size-medium_large\" alt=\"\" srcset=\"https:\/\/pielgrzymkagorzowska.diecezjazg.pl\/wp-content\/uploads\/2022\/06\/9-768x576.jpeg 768w, https:\/\/pielgrzymkagorzowska.diecezjazg.pl\/wp-content\/uploads\/2022\/06\/9-300x225.jpeg 300w, https:\/\/pielgrzymkagorzowska.diecezjazg.pl\/wp-content\/uploads\/2022\/06\/9-1024x768.jpeg 1024w, https:\/\/pielgrzymkagorzowska.diecezjazg.pl\/wp-content\/uploads\/2022\/06\/9-1536x1152.jpeg 1536w, https:\/\/pielgrzymkagorzowska.diecezjazg.pl\/wp-content\/uploads\/2022\/06\/9-1440x1080.jpeg 1440w, https:\/\/pielgrzymkagorzowska.diecezjazg.pl\/wp-content\/uploads\/2022\/06\/9.jpeg 2048w\" sizes=\"(max-width: 768px) 100vw, 768px\" \/><\/a>\n\t\t\t<\/dt><\/dl><br style=\"clear: both\" \/><dl class='gallery-item'>\n\t\t\t<dt class='gallery-icon portrait'>\n\t\t\t\t<a data-elementor-open-lightbox=\"yes\" data-elementor-lightbox-slideshow=\"e43c577\" data-elementor-lightbox-title=\"10\" data-e-action-hash=\"#elementor-action%3Aaction%3Dlightbox%26settings%3DeyJpZCI6NDQ4LCJ1cmwiOiJodHRwczpcL1wvcGllbGdyenlta2Fnb3J6b3dza2EuZGllY2V6amF6Zy5wbFwvd3AtY29udGVudFwvdXBsb2Fkc1wvMjAyMlwvMDZcLzEwLXNjYWxlZC5qcGVnIiwic2xpZGVzaG93IjoiZTQzYzU3NyJ9\" href='https:\/\/pielgrzymkagorzowska.diecezjazg.pl\/wp-content\/uploads\/2022\/06\/10-scaled.jpeg'><img loading=\"lazy\" decoding=\"async\" width=\"768\" height=\"1152\" src=\"https:\/\/pielgrzymkagorzowska.diecezjazg.pl\/wp-content\/uploads\/2022\/06\/10-768x1152.jpeg\" class=\"attachment-medium_large size-medium_large\" alt=\"\" srcset=\"https:\/\/pielgrzymkagorzowska.diecezjazg.pl\/wp-content\/uploads\/2022\/06\/10-768x1152.jpeg 768w, https:\/\/pielgrzymkagorzowska.diecezjazg.pl\/wp-content\/uploads\/2022\/06\/10-200x300.jpeg 200w, https:\/\/pielgrzymkagorzowska.diecezjazg.pl\/wp-content\/uploads\/2022\/06\/10-683x1024.jpeg 683w, https:\/\/pielgrzymkagorzowska.diecezjazg.pl\/wp-content\/uploads\/2022\/06\/10-1024x1536.jpeg 1024w, https:\/\/pielgrzymkagorzowska.diecezjazg.pl\/wp-content\/uploads\/2022\/06\/10-1365x2048.jpeg 1365w, https:\/\/pielgrzymkagorzowska.diecezjazg.pl\/wp-content\/uploads\/2022\/06\/10-720x1080.jpeg 720w, https:\/\/pielgrzymkagorzowska.diecezjazg.pl\/wp-content\/uploads\/2022\/06\/10-scaled.jpeg 1707w\" sizes=\"(max-width: 768px) 100vw, 768px\" \/><\/a>\n\t\t\t<\/dt><\/dl><dl class='gallery-item'>\n\t\t\t<dt class='gallery-icon landscape'>\n\t\t\t\t<a data-elementor-open-lightbox=\"yes\" data-elementor-lightbox-slideshow=\"e43c577\" data-elementor-lightbox-title=\"11\" data-e-action-hash=\"#elementor-action%3Aaction%3Dlightbox%26settings%3DeyJpZCI6NDQ5LCJ1cmwiOiJodHRwczpcL1wvcGllbGdyenlta2Fnb3J6b3dza2EuZGllY2V6amF6Zy5wbFwvd3AtY29udGVudFwvdXBsb2Fkc1wvMjAyMlwvMDZcLzExLmpwZWciLCJzbGlkZXNob3ciOiJlNDNjNTc3In0%3D\" href='https:\/\/pielgrzymkagorzowska.diecezjazg.pl\/wp-content\/uploads\/2022\/06\/11.jpeg'><img loading=\"lazy\" decoding=\"async\" width=\"768\" height=\"432\" src=\"https:\/\/pielgrzymkagorzowska.diecezjazg.pl\/wp-content\/uploads\/2022\/06\/11-768x432.jpeg\" class=\"attachment-medium_large size-medium_large\" alt=\"\" srcset=\"https:\/\/pielgrzymkagorzowska.diecezjazg.pl\/wp-content\/uploads\/2022\/06\/11-768x432.jpeg 768w, https:\/\/pielgrzymkagorzowska.diecezjazg.pl\/wp-content\/uploads\/2022\/06\/11-300x169.jpeg 300w, https:\/\/pielgrzymkagorzowska.diecezjazg.pl\/wp-content\/uploads\/2022\/06\/11-1024x576.jpeg 1024w, https:\/\/pielgrzymkagorzowska.diecezjazg.pl\/wp-content\/uploads\/2022\/06\/11-1536x864.jpeg 1536w, https:\/\/pielgrzymkagorzowska.diecezjazg.pl\/wp-content\/uploads\/2022\/06\/11-1920x1080.jpeg 1920w, https:\/\/pielgrzymkagorzowska.diecezjazg.pl\/wp-content\/uploads\/2022\/06\/11.jpeg 2016w\" sizes=\"(max-width: 768px) 100vw, 768px\" \/><\/a>\n\t\t\t<\/dt><\/dl><br style=\"clear: both\" \/><dl class='gallery-item'>\n\t\t\t<dt class='gallery-icon landscape'>\n\t\t\t\t<a data-elementor-open-lightbox=\"yes\" data-elementor-lightbox-slideshow=\"e43c577\" data-elementor-lightbox-title=\"12\" data-e-action-hash=\"#elementor-action%3Aaction%3Dlightbox%26settings%3DeyJpZCI6NDUwLCJ1cmwiOiJodHRwczpcL1wvcGllbGdyenlta2Fnb3J6b3dza2EuZGllY2V6amF6Zy5wbFwvd3AtY29udGVudFwvdXBsb2Fkc1wvMjAyMlwvMDZcLzEyLmpwZWciLCJzbGlkZXNob3ciOiJlNDNjNTc3In0%3D\" href='https:\/\/pielgrzymkagorzowska.diecezjazg.pl\/wp-content\/uploads\/2022\/06\/12.jpeg'><img loading=\"lazy\" decoding=\"async\" width=\"768\" height=\"432\" src=\"https:\/\/pielgrzymkagorzowska.diecezjazg.pl\/wp-content\/uploads\/2022\/06\/12-768x432.jpeg\" class=\"attachment-medium_large size-medium_large\" alt=\"\" srcset=\"https:\/\/pielgrzymkagorzowska.diecezjazg.pl\/wp-content\/uploads\/2022\/06\/12-768x432.jpeg 768w, https:\/\/pielgrzymkagorzowska.diecezjazg.pl\/wp-content\/uploads\/2022\/06\/12-300x169.jpeg 300w, https:\/\/pielgrzymkagorzowska.diecezjazg.pl\/wp-content\/uploads\/2022\/06\/12-1024x576.jpeg 1024w, https:\/\/pielgrzymkagorzowska.diecezjazg.pl\/wp-content\/uploads\/2022\/06\/12-1536x864.jpeg 1536w, https:\/\/pielgrzymkagorzowska.diecezjazg.pl\/wp-content\/uploads\/2022\/06\/12.jpeg 1600w\" sizes=\"(max-width: 768px) 100vw, 768px\" \/><\/a>\n\t\t\t<\/dt><\/dl><dl class='gallery-item'>\n\t\t\t<dt class='gallery-icon landscape'>\n\t\t\t\t<a data-elementor-open-lightbox=\"yes\" data-elementor-lightbox-slideshow=\"e43c577\" data-elementor-lightbox-title=\"13\" data-e-action-hash=\"#elementor-action%3Aaction%3Dlightbox%26settings%3DeyJpZCI6NDUxLCJ1cmwiOiJodHRwczpcL1wvcGllbGdyenlta2Fnb3J6b3dza2EuZGllY2V6amF6Zy5wbFwvd3AtY29udGVudFwvdXBsb2Fkc1wvMjAyMlwvMDZcLzEzLmpwZWciLCJzbGlkZXNob3ciOiJlNDNjNTc3In0%3D\" href='https:\/\/pielgrzymkagorzowska.diecezjazg.pl\/wp-content\/uploads\/2022\/06\/13.jpeg'><img loading=\"lazy\" decoding=\"async\" width=\"768\" height=\"432\" src=\"https:\/\/pielgrzymkagorzowska.diecezjazg.pl\/wp-content\/uploads\/2022\/06\/13-768x432.jpeg\" class=\"attachment-medium_large size-medium_large\" alt=\"\" srcset=\"https:\/\/pielgrzymkagorzowska.diecezjazg.pl\/wp-content\/uploads\/2022\/06\/13-768x432.jpeg 768w, https:\/\/pielgrzymkagorzowska.diecezjazg.pl\/wp-content\/uploads\/2022\/06\/13-300x169.jpeg 300w, https:\/\/pielgrzymkagorzowska.diecezjazg.pl\/wp-content\/uploads\/2022\/06\/13-1024x576.jpeg 1024w, https:\/\/pielgrzymkagorzowska.diecezjazg.pl\/wp-content\/uploads\/2022\/06\/13-1536x864.jpeg 1536w, https:\/\/pielgrzymkagorzowska.diecezjazg.pl\/wp-content\/uploads\/2022\/06\/13.jpeg 1600w\" sizes=\"(max-width: 768px) 100vw, 768px\" \/><\/a>\n\t\t\t<\/dt><\/dl><br style=\"clear: both\" \/><dl class='gallery-item'>\n\t\t\t<dt class='gallery-icon landscape'>\n\t\t\t\t<a data-elementor-open-lightbox=\"yes\" data-elementor-lightbox-slideshow=\"e43c577\" data-elementor-lightbox-title=\"14\" data-e-action-hash=\"#elementor-action%3Aaction%3Dlightbox%26settings%3DeyJpZCI6NDUyLCJ1cmwiOiJodHRwczpcL1wvcGllbGdyenlta2Fnb3J6b3dza2EuZGllY2V6amF6Zy5wbFwvd3AtY29udGVudFwvdXBsb2Fkc1wvMjAyMlwvMDZcLzE0LmpwZWciLCJzbGlkZXNob3ciOiJlNDNjNTc3In0%3D\" href='https:\/\/pielgrzymkagorzowska.diecezjazg.pl\/wp-content\/uploads\/2022\/06\/14.jpeg'><img loading=\"lazy\" decoding=\"async\" width=\"768\" height=\"432\" src=\"https:\/\/pielgrzymkagorzowska.diecezjazg.pl\/wp-content\/uploads\/2022\/06\/14-768x432.jpeg\" class=\"attachment-medium_large size-medium_large\" alt=\"\" srcset=\"https:\/\/pielgrzymkagorzowska.diecezjazg.pl\/wp-content\/uploads\/2022\/06\/14-768x432.jpeg 768w, https:\/\/pielgrzymkagorzowska.diecezjazg.pl\/wp-content\/uploads\/2022\/06\/14-300x169.jpeg 300w, https:\/\/pielgrzymkagorzowska.diecezjazg.pl\/wp-content\/uploads\/2022\/06\/14-1024x576.jpeg 1024w, https:\/\/pielgrzymkagorzowska.diecezjazg.pl\/wp-content\/uploads\/2022\/06\/14-1536x864.jpeg 1536w, https:\/\/pielgrzymkagorzowska.diecezjazg.pl\/wp-content\/uploads\/2022\/06\/14.jpeg 1600w\" sizes=\"(max-width: 768px) 100vw, 768px\" \/><\/a>\n\t\t\t<\/dt><\/dl><dl class='gallery-item'>\n\t\t\t<dt class='gallery-icon portrait'>\n\t\t\t\t<a data-elementor-open-lightbox=\"yes\" data-elementor-lightbox-slideshow=\"e43c577\" data-elementor-lightbox-title=\"15\" data-e-action-hash=\"#elementor-action%3Aaction%3Dlightbox%26settings%3DeyJpZCI6NDUzLCJ1cmwiOiJodHRwczpcL1wvcGllbGdyenlta2Fnb3J6b3dza2EuZGllY2V6amF6Zy5wbFwvd3AtY29udGVudFwvdXBsb2Fkc1wvMjAyMlwvMDZcLzE1LmpwZWciLCJzbGlkZXNob3ciOiJlNDNjNTc3In0%3D\" href='https:\/\/pielgrzymkagorzowska.diecezjazg.pl\/wp-content\/uploads\/2022\/06\/15.jpeg'><img loading=\"lazy\" decoding=\"async\" width=\"768\" height=\"1024\" src=\"https:\/\/pielgrzymkagorzowska.diecezjazg.pl\/wp-content\/uploads\/2022\/06\/15-768x1024.jpeg\" class=\"attachment-medium_large size-medium_large\" alt=\"\" srcset=\"https:\/\/pielgrzymkagorzowska.diecezjazg.pl\/wp-content\/uploads\/2022\/06\/15-768x1024.jpeg 768w, https:\/\/pielgrzymkagorzowska.diecezjazg.pl\/wp-content\/uploads\/2022\/06\/15-225x300.jpeg 225w, https:\/\/pielgrzymkagorzowska.diecezjazg.pl\/wp-content\/uploads\/2022\/06\/15-1152x1536.jpeg 1152w, https:\/\/pielgrzymkagorzowska.diecezjazg.pl\/wp-content\/uploads\/2022\/06\/15-1024x1365.jpeg 1024w, https:\/\/pielgrzymkagorzowska.diecezjazg.pl\/wp-content\/uploads\/2022\/06\/15-810x1080.jpeg 810w, https:\/\/pielgrzymkagorzowska.diecezjazg.pl\/wp-content\/uploads\/2022\/06\/15.jpeg 1536w\" sizes=\"(max-width: 768px) 100vw, 768px\" \/><\/a>\n\t\t\t<\/dt><\/dl><br style=\"clear: both\" \/><dl class='gallery-item'>\n\t\t\t<dt class='gallery-icon landscape'>\n\t\t\t\t<a data-elementor-open-lightbox=\"yes\" data-elementor-lightbox-slideshow=\"e43c577\" data-elementor-lightbox-title=\"16\" data-e-action-hash=\"#elementor-action%3Aaction%3Dlightbox%26settings%3DeyJpZCI6NDU0LCJ1cmwiOiJodHRwczpcL1wvcGllbGdyenlta2Fnb3J6b3dza2EuZGllY2V6amF6Zy5wbFwvd3AtY29udGVudFwvdXBsb2Fkc1wvMjAyMlwvMDZcLzE2LmpwZWciLCJzbGlkZXNob3ciOiJlNDNjNTc3In0%3D\" href='https:\/\/pielgrzymkagorzowska.diecezjazg.pl\/wp-content\/uploads\/2022\/06\/16.jpeg'><img loading=\"lazy\" decoding=\"async\" width=\"768\" height=\"432\" src=\"https:\/\/pielgrzymkagorzowska.diecezjazg.pl\/wp-content\/uploads\/2022\/06\/16-768x432.jpeg\" class=\"attachment-medium_large size-medium_large\" alt=\"\" srcset=\"https:\/\/pielgrzymkagorzowska.diecezjazg.pl\/wp-content\/uploads\/2022\/06\/16-768x432.jpeg 768w, https:\/\/pielgrzymkagorzowska.diecezjazg.pl\/wp-content\/uploads\/2022\/06\/16-300x169.jpeg 300w, https:\/\/pielgrzymkagorzowska.diecezjazg.pl\/wp-content\/uploads\/2022\/06\/16-1024x576.jpeg 1024w, https:\/\/pielgrzymkagorzowska.diecezjazg.pl\/wp-content\/uploads\/2022\/06\/16-1536x864.jpeg 1536w, https:\/\/pielgrzymkagorzowska.diecezjazg.pl\/wp-content\/uploads\/2022\/06\/16.jpeg 1600w\" sizes=\"(max-width: 768px) 100vw, 768px\" \/><\/a>\n\t\t\t<\/dt><\/dl><dl class='gallery-item'>\n\t\t\t<dt class='gallery-icon landscape'>\n\t\t\t\t<a data-elementor-open-lightbox=\"yes\" data-elementor-lightbox-slideshow=\"e43c577\" data-elementor-lightbox-title=\"17\" data-e-action-hash=\"#elementor-action%3Aaction%3Dlightbox%26settings%3DeyJpZCI6NDU1LCJ1cmwiOiJodHRwczpcL1wvcGllbGdyenlta2Fnb3J6b3dza2EuZGllY2V6amF6Zy5wbFwvd3AtY29udGVudFwvdXBsb2Fkc1wvMjAyMlwvMDZcLzE3LmpwZWciLCJzbGlkZXNob3ciOiJlNDNjNTc3In0%3D\" href='https:\/\/pielgrzymkagorzowska.diecezjazg.pl\/wp-content\/uploads\/2022\/06\/17.jpeg'><img loading=\"lazy\" decoding=\"async\" width=\"768\" height=\"432\" src=\"https:\/\/pielgrzymkagorzowska.diecezjazg.pl\/wp-content\/uploads\/2022\/06\/17-768x432.jpeg\" class=\"attachment-medium_large size-medium_large\" alt=\"\" srcset=\"https:\/\/pielgrzymkagorzowska.diecezjazg.pl\/wp-content\/uploads\/2022\/06\/17-768x432.jpeg 768w, https:\/\/pielgrzymkagorzowska.diecezjazg.pl\/wp-content\/uploads\/2022\/06\/17-300x169.jpeg 300w, https:\/\/pielgrzymkagorzowska.diecezjazg.pl\/wp-content\/uploads\/2022\/06\/17-1024x576.jpeg 1024w, https:\/\/pielgrzymkagorzowska.diecezjazg.pl\/wp-content\/uploads\/2022\/06\/17-1536x864.jpeg 1536w, https:\/\/pielgrzymkagorzowska.diecezjazg.pl\/wp-content\/uploads\/2022\/06\/17.jpeg 1600w\" sizes=\"(max-width: 768px) 100vw, 768px\" \/><\/a>\n\t\t\t<\/dt><\/dl><br style=\"clear: both\" \/><dl class='gallery-item'>\n\t\t\t<dt class='gallery-icon landscape'>\n\t\t\t\t<a data-elementor-open-lightbox=\"yes\" data-elementor-lightbox-slideshow=\"e43c577\" data-elementor-lightbox-title=\"18\" data-e-action-hash=\"#elementor-action%3Aaction%3Dlightbox%26settings%3DeyJpZCI6NDU2LCJ1cmwiOiJodHRwczpcL1wvcGllbGdyenlta2Fnb3J6b3dza2EuZGllY2V6amF6Zy5wbFwvd3AtY29udGVudFwvdXBsb2Fkc1wvMjAyMlwvMDZcLzE4LmpwZWciLCJzbGlkZXNob3ciOiJlNDNjNTc3In0%3D\" href='https:\/\/pielgrzymkagorzowska.diecezjazg.pl\/wp-content\/uploads\/2022\/06\/18.jpeg'><img loading=\"lazy\" decoding=\"async\" width=\"768\" height=\"432\" src=\"https:\/\/pielgrzymkagorzowska.diecezjazg.pl\/wp-content\/uploads\/2022\/06\/18-768x432.jpeg\" class=\"attachment-medium_large size-medium_large\" alt=\"\" srcset=\"https:\/\/pielgrzymkagorzowska.diecezjazg.pl\/wp-content\/uploads\/2022\/06\/18-768x432.jpeg 768w, https:\/\/pielgrzymkagorzowska.diecezjazg.pl\/wp-content\/uploads\/2022\/06\/18-300x169.jpeg 300w, https:\/\/pielgrzymkagorzowska.diecezjazg.pl\/wp-content\/uploads\/2022\/06\/18-1024x576.jpeg 1024w, https:\/\/pielgrzymkagorzowska.diecezjazg.pl\/wp-content\/uploads\/2022\/06\/18-1536x864.jpeg 1536w, https:\/\/pielgrzymkagorzowska.diecezjazg.pl\/wp-content\/uploads\/2022\/06\/18.jpeg 1600w\" sizes=\"(max-width: 768px) 100vw, 768px\" \/><\/a>\n\t\t\t<\/dt><\/dl><dl class='gallery-item'>\n\t\t\t<dt class='gallery-icon landscape'>\n\t\t\t\t<a data-elementor-open-lightbox=\"yes\" data-elementor-lightbox-slideshow=\"e43c577\" data-elementor-lightbox-title=\"19\" data-e-action-hash=\"#elementor-action%3Aaction%3Dlightbox%26settings%3DeyJpZCI6NDU3LCJ1cmwiOiJodHRwczpcL1wvcGllbGdyenlta2Fnb3J6b3dza2EuZGllY2V6amF6Zy5wbFwvd3AtY29udGVudFwvdXBsb2Fkc1wvMjAyMlwvMDZcLzE5LXNjYWxlZC5qcGVnIiwic2xpZGVzaG93IjoiZTQzYzU3NyJ9\" href='https:\/\/pielgrzymkagorzowska.diecezjazg.pl\/wp-content\/uploads\/2022\/06\/19-scaled.jpeg'><img loading=\"lazy\" decoding=\"async\" width=\"768\" height=\"512\" src=\"https:\/\/pielgrzymkagorzowska.diecezjazg.pl\/wp-content\/uploads\/2022\/06\/19-768x512.jpeg\" class=\"attachment-medium_large size-medium_large\" alt=\"\" srcset=\"https:\/\/pielgrzymkagorzowska.diecezjazg.pl\/wp-content\/uploads\/2022\/06\/19-768x512.jpeg 768w, https:\/\/pielgrzymkagorzowska.diecezjazg.pl\/wp-content\/uploads\/2022\/06\/19-300x200.jpeg 300w, https:\/\/pielgrzymkagorzowska.diecezjazg.pl\/wp-content\/uploads\/2022\/06\/19-1024x683.jpeg 1024w, https:\/\/pielgrzymkagorzowska.diecezjazg.pl\/wp-content\/uploads\/2022\/06\/19-1536x1024.jpeg 1536w, https:\/\/pielgrzymkagorzowska.diecezjazg.pl\/wp-content\/uploads\/2022\/06\/19-2048x1365.jpeg 2048w, https:\/\/pielgrzymkagorzowska.diecezjazg.pl\/wp-content\/uploads\/2022\/06\/19-1620x1080.jpeg 1620w\" sizes=\"(max-width: 768px) 100vw, 768px\" \/><\/a>\n\t\t\t<\/dt><\/dl><br style=\"clear: both\" \/><dl class='gallery-item'>\n\t\t\t<dt class='gallery-icon portrait'>\n\t\t\t\t<a data-elementor-open-lightbox=\"yes\" data-elementor-lightbox-slideshow=\"e43c577\" data-elementor-lightbox-title=\"20\" data-e-action-hash=\"#elementor-action%3Aaction%3Dlightbox%26settings%3DeyJpZCI6NDU4LCJ1cmwiOiJodHRwczpcL1wvcGllbGdyenlta2Fnb3J6b3dza2EuZGllY2V6amF6Zy5wbFwvd3AtY29udGVudFwvdXBsb2Fkc1wvMjAyMlwvMDZcLzIwLXNjYWxlZC5qcGVnIiwic2xpZGVzaG93IjoiZTQzYzU3NyJ9\" href='https:\/\/pielgrzymkagorzowska.diecezjazg.pl\/wp-content\/uploads\/2022\/06\/20-scaled.jpeg'><img loading=\"lazy\" decoding=\"async\" width=\"768\" height=\"1152\" src=\"https:\/\/pielgrzymkagorzowska.diecezjazg.pl\/wp-content\/uploads\/2022\/06\/20-768x1152.jpeg\" class=\"attachment-medium_large size-medium_large\" alt=\"\" srcset=\"https:\/\/pielgrzymkagorzowska.diecezjazg.pl\/wp-content\/uploads\/2022\/06\/20-768x1152.jpeg 768w, https:\/\/pielgrzymkagorzowska.diecezjazg.pl\/wp-content\/uploads\/2022\/06\/20-200x300.jpeg 200w, https:\/\/pielgrzymkagorzowska.diecezjazg.pl\/wp-content\/uploads\/2022\/06\/20-683x1024.jpeg 683w, https:\/\/pielgrzymkagorzowska.diecezjazg.pl\/wp-content\/uploads\/2022\/06\/20-1024x1536.jpeg 1024w, https:\/\/pielgrzymkagorzowska.diecezjazg.pl\/wp-content\/uploads\/2022\/06\/20-1365x2048.jpeg 1365w, https:\/\/pielgrzymkagorzowska.diecezjazg.pl\/wp-content\/uploads\/2022\/06\/20-720x1080.jpeg 720w, https:\/\/pielgrzymkagorzowska.diecezjazg.pl\/wp-content\/uploads\/2022\/06\/20-scaled.jpeg 1707w\" sizes=\"(max-width: 768px) 100vw, 768px\" \/><\/a>\n\t\t\t<\/dt><\/dl><dl class='gallery-item'>\n\t\t\t<dt class='gallery-icon portrait'>\n\t\t\t\t<a data-elementor-open-lightbox=\"yes\" data-elementor-lightbox-slideshow=\"e43c577\" data-elementor-lightbox-title=\"21\" data-e-action-hash=\"#elementor-action%3Aaction%3Dlightbox%26settings%3DeyJpZCI6NDU5LCJ1cmwiOiJodHRwczpcL1wvcGllbGdyenlta2Fnb3J6b3dza2EuZGllY2V6amF6Zy5wbFwvd3AtY29udGVudFwvdXBsb2Fkc1wvMjAyMlwvMDZcLzIxLmpwZWciLCJzbGlkZXNob3ciOiJlNDNjNTc3In0%3D\" href='https:\/\/pielgrzymkagorzowska.diecezjazg.pl\/wp-content\/uploads\/2022\/06\/21.jpeg'><img loading=\"lazy\" decoding=\"async\" width=\"768\" height=\"1024\" src=\"https:\/\/pielgrzymkagorzowska.diecezjazg.pl\/wp-content\/uploads\/2022\/06\/21-768x1024.jpeg\" class=\"attachment-medium_large size-medium_large\" alt=\"\" srcset=\"https:\/\/pielgrzymkagorzowska.diecezjazg.pl\/wp-content\/uploads\/2022\/06\/21-768x1024.jpeg 768w, https:\/\/pielgrzymkagorzowska.diecezjazg.pl\/wp-content\/uploads\/2022\/06\/21-225x300.jpeg 225w, https:\/\/pielgrzymkagorzowska.diecezjazg.pl\/wp-content\/uploads\/2022\/06\/21-1152x1536.jpeg 1152w, https:\/\/pielgrzymkagorzowska.diecezjazg.pl\/wp-content\/uploads\/2022\/06\/21-1024x1365.jpeg 1024w, https:\/\/pielgrzymkagorzowska.diecezjazg.pl\/wp-content\/uploads\/2022\/06\/21-810x1080.jpeg 810w, https:\/\/pielgrzymkagorzowska.diecezjazg.pl\/wp-content\/uploads\/2022\/06\/21.jpeg 1200w\" sizes=\"(max-width: 768px) 100vw, 768px\" \/><\/a>\n\t\t\t<\/dt><\/dl><br style=\"clear: both\" \/><dl class='gallery-item'>\n\t\t\t<dt class='gallery-icon landscape'>\n\t\t\t\t<a data-elementor-open-lightbox=\"yes\" data-elementor-lightbox-slideshow=\"e43c577\" data-elementor-lightbox-title=\"22\" data-e-action-hash=\"#elementor-action%3Aaction%3Dlightbox%26settings%3DeyJpZCI6NDYwLCJ1cmwiOiJodHRwczpcL1wvcGllbGdyenlta2Fnb3J6b3dza2EuZGllY2V6amF6Zy5wbFwvd3AtY29udGVudFwvdXBsb2Fkc1wvMjAyMlwvMDZcLzIyLmpwZWciLCJzbGlkZXNob3ciOiJlNDNjNTc3In0%3D\" href='https:\/\/pielgrzymkagorzowska.diecezjazg.pl\/wp-content\/uploads\/2022\/06\/22.jpeg'><img loading=\"lazy\" decoding=\"async\" width=\"768\" height=\"576\" src=\"https:\/\/pielgrzymkagorzowska.diecezjazg.pl\/wp-content\/uploads\/2022\/06\/22-768x576.jpeg\" class=\"attachment-medium_large size-medium_large\" alt=\"\" srcset=\"https:\/\/pielgrzymkagorzowska.diecezjazg.pl\/wp-content\/uploads\/2022\/06\/22-768x576.jpeg 768w, https:\/\/pielgrzymkagorzowska.diecezjazg.pl\/wp-content\/uploads\/2022\/06\/22-300x225.jpeg 300w, https:\/\/pielgrzymkagorzowska.diecezjazg.pl\/wp-content\/uploads\/2022\/06\/22-1024x768.jpeg 1024w, https:\/\/pielgrzymkagorzowska.diecezjazg.pl\/wp-content\/uploads\/2022\/06\/22-1536x1152.jpeg 1536w, https:\/\/pielgrzymkagorzowska.diecezjazg.pl\/wp-content\/uploads\/2022\/06\/22-1440x1080.jpeg 1440w, https:\/\/pielgrzymkagorzowska.diecezjazg.pl\/wp-content\/uploads\/2022\/06\/22.jpeg 1600w\" sizes=\"(max-width: 768px) 100vw, 768px\" \/><\/a>\n\t\t\t<\/dt><\/dl><dl class='gallery-item'>\n\t\t\t<dt class='gallery-icon portrait'>\n\t\t\t\t<a data-elementor-open-lightbox=\"yes\" data-elementor-lightbox-slideshow=\"e43c577\" data-elementor-lightbox-title=\"23\" data-e-action-hash=\"#elementor-action%3Aaction%3Dlightbox%26settings%3DeyJpZCI6NDYxLCJ1cmwiOiJodHRwczpcL1wvcGllbGdyenlta2Fnb3J6b3dza2EuZGllY2V6amF6Zy5wbFwvd3AtY29udGVudFwvdXBsb2Fkc1wvMjAyMlwvMDZcLzIzLmpwZWciLCJzbGlkZXNob3ciOiJlNDNjNTc3In0%3D\" href='https:\/\/pielgrzymkagorzowska.diecezjazg.pl\/wp-content\/uploads\/2022\/06\/23.jpeg'><img loading=\"lazy\" decoding=\"async\" width=\"768\" height=\"1024\" src=\"https:\/\/pielgrzymkagorzowska.diecezjazg.pl\/wp-content\/uploads\/2022\/06\/23-768x1024.jpeg\" class=\"attachment-medium_large size-medium_large\" alt=\"\" srcset=\"https:\/\/pielgrzymkagorzowska.diecezjazg.pl\/wp-content\/uploads\/2022\/06\/23-768x1024.jpeg 768w, https:\/\/pielgrzymkagorzowska.diecezjazg.pl\/wp-content\/uploads\/2022\/06\/23-225x300.jpeg 225w, https:\/\/pielgrzymkagorzowska.diecezjazg.pl\/wp-content\/uploads\/2022\/06\/23-1152x1536.jpeg 1152w, https:\/\/pielgrzymkagorzowska.diecezjazg.pl\/wp-content\/uploads\/2022\/06\/23-1024x1365.jpeg 1024w, https:\/\/pielgrzymkagorzowska.diecezjazg.pl\/wp-content\/uploads\/2022\/06\/23-810x1080.jpeg 810w, https:\/\/pielgrzymkagorzowska.diecezjazg.pl\/wp-content\/uploads\/2022\/06\/23.jpeg 1200w\" sizes=\"(max-width: 768px) 100vw, 768px\" \/><\/a>\n\t\t\t<\/dt><\/dl><br style=\"clear: both\" \/>\n\t\t<\/div>\n\t\t<\/div>\n\t\t\t\t\t\t<\/div>\n\t\t\t\t<\/div>\n\t\t\t\t\t<\/div>\n\t\t<\/div>\n\t\t\t\t\t<\/div>\n\t\t<\/section>\n\t\t\t\t<section class=\"elementor-section elementor-top-section elementor-element elementor-element-dd8cdbe elementor-section-boxed elementor-section-height-default elementor-section-height-default\" data-id=\"dd8cdbe\" data-element_type=\"section\" data-e-type=\"section\">\n\t\t\t\t\t\t<div class=\"elementor-container elementor-column-gap-default\">\n\t\t\t\t\t<div class=\"elementor-column elementor-col-100 elementor-top-column elementor-element elementor-element-2a92f6d\" data-id=\"2a92f6d\" data-element_type=\"column\" data-e-type=\"column\">\n\t\t\t<div class=\"elementor-widget-wrap elementor-element-populated\">\n\t\t\t\t\t\t<div class=\"elementor-element elementor-element-3f6050e elementor-widget elementor-widget-heading\" data-id=\"3f6050e\" data-element_type=\"widget\" data-e-type=\"widget\" data-widget_type=\"heading.default\">\n\t\t\t\t<div class=\"elementor-widget-container\">\n\t\t\t\t\t<h2 class=\"elementor-heading-title elementor-size-default\">GRUPY PIELGRZYMKOWE<\/h2>\t\t\t\t<\/div>\n\t\t\t\t<\/div>\n\t\t\t\t\t<\/div>\n\t\t<\/div>\n\t\t\t\t\t<\/div>\n\t\t<\/section>\n\t\t\t\t<section class=\"elementor-section elementor-top-section elementor-element elementor-element-9e980b4 elementor-section-boxed elementor-section-height-default elementor-section-height-default\" data-id=\"9e980b4\" data-element_type=\"section\" data-e-type=\"section\">\n\t\t\t\t\t\t<div class=\"elementor-container elementor-column-gap-default\">\n\t\t\t\t\t<div class=\"elementor-column elementor-col-100 elementor-top-column elementor-element elementor-element-a56e61f\" data-id=\"a56e61f\" data-element_type=\"column\" data-e-type=\"column\">\n\t\t\t<div class=\"elementor-widget-wrap elementor-element-populated\">\n\t\t\t\t\t\t\t<\/div>\n\t\t<\/div>\n\t\t\t\t\t<\/div>\n\t\t<\/section>\n\t\t\t\t<section class=\"elementor-section elementor-top-section elementor-element elementor-element-6dc1d06 elementor-section-boxed elementor-section-height-default elementor-section-height-default\" data-id=\"6dc1d06\" data-element_type=\"section\" data-e-type=\"section\">\n\t\t\t\t\t\t<div class=\"elementor-container elementor-column-gap-default\">\n\t\t\t\t\t<div class=\"elementor-column elementor-col-100 elementor-top-column elementor-element elementor-element-1a4a77e\" data-id=\"1a4a77e\" data-element_type=\"column\" data-e-type=\"column\">\n\t\t\t<div class=\"elementor-widget-wrap elementor-element-populated\">\n\t\t\t\t\t\t<div class=\"elementor-element elementor-element-72cf962 elementor-widget elementor-widget-heading\" data-id=\"72cf962\" data-element_type=\"widget\" data-e-type=\"widget\" data-widget_type=\"heading.default\">\n\t\t\t\t<div class=\"elementor-widget-container\">\n\t\t\t\t\t<h2 class=\"elementor-heading-title elementor-size-default\">Grupa br\u0105zowa<\/h2>\t\t\t\t<\/div>\n\t\t\t\t<\/div>\n\t\t\t\t<div class=\"elementor-element elementor-element-adad4a4 elementor-widget elementor-widget-text-editor\" data-id=\"adad4a4\" data-element_type=\"widget\" data-e-type=\"widget\" data-widget_type=\"text-editor.default\">\n\t\t\t\t<div class=\"elementor-widget-container\">\n\t\t\t\t\t\t\t\t\t<p align=\"left\"><span style=\"font-size: medium;\"><b>&#8230; <\/b>istnieje tak d\u0142ugo jak d\u0142ugo chodzi Piesza Pielgrzymka na Jasn\u0105 G\u00f3r\u0119 diecezji zielonog\u00f3rsko \u2013 gorzowskiej, czyli od 1983 roku. Sama nazwa grupy pochodzi od br\u0105zowego koloru habit\u00f3w zakonnych braci kapucyn\u00f3w.<\/span><\/p>\n<p align=\"left\"><span style=\"font-size: medium;\">Ma kilka cech, kt\u00f3re j\u0105 charakteryzuj\u0105. Pierwsz\u0105 podstawow\u0105 by\u0142 i jest do dzi\u015b franciszka\u0144ski duch, kt\u00f3ry emanuje od braci w br\u0105zowych habitach \u2013 duchowych syn\u00f3w \u015bw. Franciszka. Niesiemy Wam wie\u015b\u0107 radosn\u0105 franciszka\u0144sk\u0105 nuc\u0105c pie\u015b\u0144, powtarzaj\u0105c od wiek\u00f3w has\u0142o: Pok\u00f3j i Dobro, pok\u00f3j Wam\u2026<\/span><\/p>\n<p align=\"left\"><span style=\"font-size: medium;\">Inn\u0105 cech\u0105 grupy franciszka\u0144skiej jest jej rozmodlenie, do tego stopnia, \u017ce nawet uczestnicy innych grup do\u0142\u0105czali do wsp\u00f3lnych modlitw u br\u0105zowych. Kapucyni cz\u0119sto podczas konferencji ukazuj\u0105 posta\u0107 \u015bw. Franciszka i ucz\u0105 modlitwy na wz\u00f3r tego \u015awi\u0119tego.<\/span><\/p>\n<p align=\"left\"><span style=\"font-size: medium;\">Przewodnikiem grupy jest gwardian klasztoru w Gorzowie Wlkp \u2013 Krzysztof Gajewski<\/span><\/p>\t\t\t\t\t\t\t\t<\/div>\n\t\t\t\t<\/div>\n\t\t\t\t\t<\/div>\n\t\t<\/div>\n\t\t\t\t\t<\/div>\n\t\t<\/section>\n\t\t\t\t<section class=\"elementor-section elementor-top-section elementor-element elementor-element-3a7b5eb elementor-section-boxed elementor-section-height-default elementor-section-height-default\" data-id=\"3a7b5eb\" data-element_type=\"section\" data-e-type=\"section\">\n\t\t\t\t\t\t<div class=\"elementor-container elementor-column-gap-default\">\n\t\t\t\t\t<div class=\"elementor-column elementor-col-100 elementor-top-column elementor-element elementor-element-96f6c57\" data-id=\"96f6c57\" data-element_type=\"column\" data-e-type=\"column\">\n\t\t\t<div class=\"elementor-widget-wrap elementor-element-populated\">\n\t\t\t\t\t\t<div class=\"elementor-element elementor-element-4123e4d elementor-widget elementor-widget-heading\" data-id=\"4123e4d\" data-element_type=\"widget\" data-e-type=\"widget\" data-widget_type=\"heading.default\">\n\t\t\t\t<div class=\"elementor-widget-container\">\n\t\t\t\t\t<h2 class=\"elementor-heading-title elementor-size-default\">Grupa amarantowa<\/h2>\t\t\t\t<\/div>\n\t\t\t\t<\/div>\n\t\t\t\t\t<\/div>\n\t\t<\/div>\n\t\t\t\t\t<\/div>\n\t\t<\/section>\n\t\t\t\t<section class=\"elementor-section elementor-top-section elementor-element elementor-element-eff9538 elementor-section-boxed elementor-section-height-default elementor-section-height-default\" data-id=\"eff9538\" data-element_type=\"section\" data-e-type=\"section\">\n\t\t\t\t\t\t<div class=\"elementor-container elementor-column-gap-default\">\n\t\t\t\t\t<div class=\"elementor-column elementor-col-100 elementor-top-column elementor-element elementor-element-625d4c2\" data-id=\"625d4c2\" data-element_type=\"column\" data-e-type=\"column\">\n\t\t\t<div class=\"elementor-widget-wrap elementor-element-populated\">\n\t\t\t\t\t\t<div class=\"elementor-element elementor-element-b1f642b elementor-widget elementor-widget-text-editor\" data-id=\"b1f642b\" data-element_type=\"widget\" data-e-type=\"widget\" data-widget_type=\"text-editor.default\">\n\t\t\t\t<div class=\"elementor-widget-container\">\n\t\t\t\t\t\t\t\t\t<p align=\"left\"><span style=\"font-size: medium;\"><b>&#8230;<\/b> dekanatu Rzepin zosta\u0142a za\u0142o\u017cona w 1982 roku, a po raz pierwszy wyruszy\u0142a na pielgrzymk\u0119 w 1983. Tw\u00f3rc\u0105 grupy i jej przewodnikiem od ponad dwudziestu lat jest ks. Proboszcz Stanis\u0142aw Wencel. Na pocz\u0105tku szli w niej pielgrzymi z dekanat\u00f3w: Kostrzyn, Krosno Odrza\u0144skie, Rzepin i Sul\u0119cin. Z powodu du\u017cej liczby uczestnik\u00f3w dekanaty Kostrzyn, Krosno i Sul\u0119cin utworzy\u0142y w\u0142asne grupy. <\/span><\/p>\n<p align=\"left\"><span style=\"font-size: medium;\">Amarantowa najcz\u0119\u015bciej by\u0142a najliczniejsz\u0105 i ka\u017cdego roku obecn\u0105 grup\u0105 podczas pielgrzymki. Sz\u0142o w niej najwi\u0119cej ksi\u0119\u017cy. Przez ponad dwadzie\u015bcia lat w grupie szli nast\u0119puj\u0105cy ksi\u0119\u017ca: St. Czerwi\u0144ski, St. \u0141ukie\u0144czuk, E. Bia\u0142as, L. Juszczyszyn, G. Bia\u0142ob\u0142ocki, R. Mulawa, M. Walczak, L. Bia\u0142uga,R. Per\u0142akowski, R. Patro, M. Zielonka, A. Bobak, B. Trzonek, A. Tymczyj, A. Blinkiewicz, G. S\u0142apek, K. Burzy\u0144ski, M. Pracuk. Msz\u0119 \u015bw. na rozpocz\u0119cie pielgrzymki, razem z Ks. Biskupem koncelebruj\u0105 wszyscy kap\u0142ani z dekanatu. Tradycj\u0105 sta\u0142o si\u0119 odprowadzanie pielgrzym\u00f3w przez Biskupa, ksi\u0119\u017cy i uczestnik\u00f3w mszy do Staro\u015bcina. Wszyscy ksi\u0119\u017ca z dekanatu przyje\u017cd\u017caj\u0105 na tras\u0119 pielgrzymki, w\u0119druj\u0105c razem z pielgrzymami przez jeden dzie\u0144. R\u00f3wnie\u017c swoj\u0105 ofiarno\u015bci\u0105 wspieraj\u0105 grup\u0119 reprezentuj\u0105c\u0105 ca\u0142y dekanat. Od kilkunastu lat grupa ma tego samego kwatermistrza, kt\u00f3rym jest Z. Tworkowski i tego samego chor\u0105\u017cego &#8211; Z. Weryszko. <\/span><\/p>\n<p align=\"left\"><span style=\"font-size: medium;\">Przez ca\u0142y czas w\u0119drowania na Jasn\u0105 G\u00f3r\u0119 grup\u0119 wspieraj\u0105 liczni duchowi pielgrzymi i wielu z nich przybywa do Cz\u0119stochowy na wej\u015bcie pielgrzymki. Grupa amarantowa to przede wszystkim m\u0142odzie\u017c pe\u0142na rado\u015bci, kreatywno\u015bci i emanuj\u0105ca Bo\u017cym Duchem. Otwarta na ka\u017cdego pielgrzyma. Zapraszam <\/span><\/p>\t\t\t\t\t\t\t\t<\/div>\n\t\t\t\t<\/div>\n\t\t\t\t\t<\/div>\n\t\t<\/div>\n\t\t\t\t\t<\/div>\n\t\t<\/section>\n\t\t\t\t<section class=\"elementor-section elementor-top-section elementor-element elementor-element-5770c27 elementor-section-boxed elementor-section-height-default elementor-section-height-default\" data-id=\"5770c27\" data-element_type=\"section\" data-e-type=\"section\">\n\t\t\t\t\t\t<div class=\"elementor-container elementor-column-gap-default\">\n\t\t\t\t\t<div class=\"elementor-column elementor-col-100 elementor-top-column elementor-element elementor-element-19f6036\" data-id=\"19f6036\" data-element_type=\"column\" data-e-type=\"column\">\n\t\t\t<div class=\"elementor-widget-wrap elementor-element-populated\">\n\t\t\t\t\t\t<div class=\"elementor-element elementor-element-0dc28fc elementor-widget elementor-widget-heading\" data-id=\"0dc28fc\" data-element_type=\"widget\" data-e-type=\"widget\" data-widget_type=\"heading.default\">\n\t\t\t\t<div class=\"elementor-widget-container\">\n\t\t\t\t\t<h2 class=\"elementor-heading-title elementor-size-default\">Grupa seledynowa<\/h2>\t\t\t\t<\/div>\n\t\t\t\t<\/div>\n\t\t\t\t\t<\/div>\n\t\t<\/div>\n\t\t\t\t\t<\/div>\n\t\t<\/section>\n\t\t\t\t<section class=\"elementor-section elementor-top-section elementor-element elementor-element-22317c4 elementor-section-boxed elementor-section-height-default elementor-section-height-default\" data-id=\"22317c4\" data-element_type=\"section\" data-e-type=\"section\">\n\t\t\t\t\t\t<div class=\"elementor-container elementor-column-gap-default\">\n\t\t\t\t\t<div class=\"elementor-column elementor-col-100 elementor-top-column elementor-element elementor-element-289e829\" data-id=\"289e829\" data-element_type=\"column\" data-e-type=\"column\">\n\t\t\t<div class=\"elementor-widget-wrap elementor-element-populated\">\n\t\t\t\t\t\t<div class=\"elementor-element elementor-element-d2b9442 elementor-widget elementor-widget-text-editor\" data-id=\"d2b9442\" data-element_type=\"widget\" data-e-type=\"widget\" data-widget_type=\"text-editor.default\">\n\t\t\t\t<div class=\"elementor-widget-container\">\n\t\t\t\t\t\t\t\t\t<p align=\"left\"><span style=\"font-size: medium;\"><b>&#8230;<\/b> to grupa pielgrzymkowa wyruszaj\u0105ca z parafii \u015bw. Stanis\u0142awa Kostki w Sulechowie na Jasn\u0105 G\u00f3r\u0119. Pielgrzymi w\u0119druj\u0105 od 2 do 12 sierpnia. Po raz pierwszy na pielgrzymkowy szlak grupa wyruszy\u0142a w 2008 roku. Inicjatorem powstania grupy seledynowej jest by\u0142y proboszcz parafii \u015bw. Stanis\u0142awa Kostki w Sulechowie ks. Henryk Wojnar. Pomys\u0142 powo\u0142ania nowej grupy mia\u0142 na celu umo\u017cliwienie sierpniowego pielgrzymowania na Jasn\u0105 G\u00f3r\u0119 mieszka\u0144com Ziemi Sulechowskiej, kt\u00f3rzy do tej pory najcz\u0119\u015bciej do\u0142\u0105czali do lipcowej pielgrzymki rolnik\u00f3w. Pierwszym przewodnikiem i wsp\u00f3\u0142tw\u00f3rc\u0105 grupy by\u0142 \u00f3wczesny wikariusz ks. Marcin Pracuk. <\/span><\/span><\/p>\t\t\t\t\t\t\t\t<\/div>\n\t\t\t\t<\/div>\n\t\t\t\t\t<\/div>\n\t\t<\/div>\n\t\t\t\t\t<\/div>\n\t\t<\/section>\n\t\t\t\t<section class=\"elementor-section elementor-top-section elementor-element elementor-element-40ee2a8 elementor-section-boxed elementor-section-height-default elementor-section-height-default\" data-id=\"40ee2a8\" data-element_type=\"section\" data-e-type=\"section\">\n\t\t\t\t\t\t<div class=\"elementor-container elementor-column-gap-default\">\n\t\t\t\t\t<div class=\"elementor-column elementor-col-100 elementor-top-column elementor-element elementor-element-d98353b\" data-id=\"d98353b\" data-element_type=\"column\" data-e-type=\"column\">\n\t\t\t<div class=\"elementor-widget-wrap elementor-element-populated\">\n\t\t\t\t\t\t<div class=\"elementor-element elementor-element-d14976e elementor-widget elementor-widget-heading\" data-id=\"d14976e\" data-element_type=\"widget\" data-e-type=\"widget\" data-widget_type=\"heading.default\">\n\t\t\t\t<div class=\"elementor-widget-container\">\n\t\t\t\t\t<h2 class=\"elementor-heading-title elementor-size-default\">Grupa bia\u0142o - niebieska<\/h2>\t\t\t\t<\/div>\n\t\t\t\t<\/div>\n\t\t\t\t\t<\/div>\n\t\t<\/div>\n\t\t\t\t\t<\/div>\n\t\t<\/section>\n\t\t\t\t<section class=\"elementor-section elementor-top-section elementor-element elementor-element-b105e14 elementor-section-boxed elementor-section-height-default elementor-section-height-default\" data-id=\"b105e14\" data-element_type=\"section\" data-e-type=\"section\">\n\t\t\t\t\t\t<div class=\"elementor-container elementor-column-gap-default\">\n\t\t\t\t\t<div class=\"elementor-column elementor-col-100 elementor-top-column elementor-element elementor-element-8d8fa02\" data-id=\"8d8fa02\" data-element_type=\"column\" data-e-type=\"column\">\n\t\t\t<div class=\"elementor-widget-wrap elementor-element-populated\">\n\t\t\t\t\t\t<div class=\"elementor-element elementor-element-1f508c3 elementor-widget elementor-widget-text-editor\" data-id=\"1f508c3\" data-element_type=\"widget\" data-e-type=\"widget\" data-widget_type=\"text-editor.default\">\n\t\t\t\t<div class=\"elementor-widget-container\">\n\t\t\t\t\t\t\t\t\t<p align=\"left\"><span style=\"font-size: medium;\"><b>&#8230;<\/b> nale\u017cy do dekanatu Tr\u00f3jcy \u015awi\u0119tej- Gorz\u00f3w Wielkopolski. Przewodnikiem naszej grupy jest ks. J\u00f3zef Suchan. Tradycyjnie ka\u017cdego roku na szlaku pielgrzymim do\u0142\u0105czaj\u0105 do nas zaprzyja\u017anione osoby z miejscowo\u015bci, przez kt\u00f3re przechodzimy i tak wsp\u00f3lnie docieramy do naszej duchowej stolicy, jak\u0105 jest Jasna G\u00f3ra. Nasza grupa jest bardzo pogodna i rodzinna, dzieci towarzysz\u0105ce swoim rodzicom wnosz\u0105 do naszej wsp\u00f3lnoty du\u017co rado\u015bci, kiedy przychodz\u0105 chwil\u0119 zm\u0119czenia a nawet i zw\u0105tpienia, maluchy niczym anio\u0142y dodaj\u0105 nam si\u0142 i motywuj\u0105, by si\u0119 nie poddawa\u0107.. Je\u015bli chcesz do\u0142\u0105czy\u0107 do naszej rodziny pielgrzymkowe zapraszamy.\u00a0 <\/span><\/span><\/p>\t\t\t\t\t\t\t\t<\/div>\n\t\t\t\t<\/div>\n\t\t\t\t\t<\/div>\n\t\t<\/div>\n\t\t\t\t\t<\/div>\n\t\t<\/section>\n\t\t\t\t<section class=\"elementor-section elementor-top-section elementor-element elementor-element-3fa9130 elementor-section-boxed elementor-section-height-default elementor-section-height-default\" data-id=\"3fa9130\" data-element_type=\"section\" data-e-type=\"section\">\n\t\t\t\t\t\t<div class=\"elementor-container elementor-column-gap-default\">\n\t\t\t\t\t<div class=\"elementor-column elementor-col-100 elementor-top-column elementor-element elementor-element-7f497a4\" data-id=\"7f497a4\" data-element_type=\"column\" data-e-type=\"column\">\n\t\t\t<div class=\"elementor-widget-wrap elementor-element-populated\">\n\t\t\t\t\t\t<div class=\"elementor-element elementor-element-bbb111c elementor-widget elementor-widget-heading\" data-id=\"bbb111c\" data-element_type=\"widget\" data-e-type=\"widget\" data-widget_type=\"heading.default\">\n\t\t\t\t<div class=\"elementor-widget-container\">\n\t\t\t\t\t<h2 class=\"elementor-heading-title elementor-size-default\">Grupa bia\u0142o - czerwona<\/h2>\t\t\t\t<\/div>\n\t\t\t\t<\/div>\n\t\t\t\t\t<\/div>\n\t\t<\/div>\n\t\t\t\t\t<\/div>\n\t\t<\/section>\n\t\t\t\t<section class=\"elementor-section elementor-top-section elementor-element elementor-element-1fd1c86 elementor-section-boxed elementor-section-height-default elementor-section-height-default\" data-id=\"1fd1c86\" data-element_type=\"section\" data-e-type=\"section\">\n\t\t\t\t\t\t<div class=\"elementor-container elementor-column-gap-default\">\n\t\t\t\t\t<div class=\"elementor-column elementor-col-100 elementor-top-column elementor-element elementor-element-3ab8190\" data-id=\"3ab8190\" data-element_type=\"column\" data-e-type=\"column\">\n\t\t\t<div class=\"elementor-widget-wrap elementor-element-populated\">\n\t\t\t\t\t\t<div class=\"elementor-element elementor-element-6dee167 elementor-widget elementor-widget-text-editor\" data-id=\"6dee167\" data-element_type=\"widget\" data-e-type=\"widget\" data-widget_type=\"text-editor.default\">\n\t\t\t\t<div class=\"elementor-widget-container\">\n\t\t\t\t\t\t\t\t\t<p align=\"left\"><span style=\"font-size: medium;\"><b>&#8230;<\/b> nale\u017cy do dekanatu Katedra \u2013 Gorz\u00f3w Wielkopolski. Grupa bia\u0142o &#8211; czerwona wyrusza co roku z parafii pw. Pierwszych M\u0119czennik\u00f3w Polski w Gorzowie Wlkp.. Jej patronem jest \u015bw. Jan Pawe\u0142 II. Pielgrzymuj\u0105 w niej zar\u00f3wno m\u0142odsi, jak i starsi, co sprawia, \u017ce\u00a0 p\u0105tnicy tworz\u0105 jedn\u0105 rodzin\u0119. Histori\u0119 grupy tworz\u0105 jednocze\u015bnie osoby \u017cyj\u0105ce wielorakimi charyzmatami. W\u015br\u00f3d ich cz\u0142onk\u00f3w mo\u017cna odnale\u017a\u0107 m. in.: braci z drogi Neokatechumenalnej, cz\u0142onk\u00f3w wsp\u00f3lnoty Domowego Ko\u015bcio\u0142a, czy Odnowy w Duchu \u015awi\u0119tym. Wielorako\u015b\u0107 wyra\u017ca charakter Ko\u015bcio\u0142a &#8211; &#8222;wsp\u00f3lnota wsp\u00f3lnot&#8221;. <\/span><\/span><\/p>\n<p align=\"left\"><span style=\"font-size: medium;\">W\u0119druj\u0105c do naszej Matki i Kr\u00f3lowej chcemy podkre\u015bli\u0107, \u017ce jeste\u015bmy Ko\u015bcio\u0142em \u017cywym. Otwartym dla ka\u017cdego, zw\u0142aszcza dla m\u0142odego cz\u0142owieka.<\/span><\/span><\/p>\n<p align=\"left\"><span style=\"font-size: medium;\">Od 2017 roku przewodnikiem duchowym grupy jest ks. Bart\u0142omiej Rybacki.<\/span><\/span><\/p>\t\t\t\t\t\t\t\t<\/div>\n\t\t\t\t<\/div>\n\t\t\t\t\t<\/div>\n\t\t<\/div>\n\t\t\t\t\t<\/div>\n\t\t<\/section>\n\t\t\t\t<section class=\"elementor-section elementor-top-section elementor-element elementor-element-a8d1c0f elementor-section-boxed elementor-section-height-default elementor-section-height-default\" data-id=\"a8d1c0f\" data-element_type=\"section\" data-e-type=\"section\">\n\t\t\t\t\t\t<div class=\"elementor-container elementor-column-gap-default\">\n\t\t\t\t\t<div class=\"elementor-column elementor-col-100 elementor-top-column elementor-element elementor-element-fa7f20b\" data-id=\"fa7f20b\" data-element_type=\"column\" data-e-type=\"column\">\n\t\t\t<div class=\"elementor-widget-wrap elementor-element-populated\">\n\t\t\t\t\t\t<div class=\"elementor-element elementor-element-cb22c7f elementor-widget elementor-widget-heading\" data-id=\"cb22c7f\" data-element_type=\"widget\" data-e-type=\"widget\" data-widget_type=\"heading.default\">\n\t\t\t\t<div class=\"elementor-widget-container\">\n\t\t\t\t\t<h2 class=\"elementor-heading-title elementor-size-default\">Grupa b\u0142\u0119kitna<\/h2>\t\t\t\t<\/div>\n\t\t\t\t<\/div>\n\t\t\t\t\t<\/div>\n\t\t<\/div>\n\t\t\t\t\t<\/div>\n\t\t<\/section>\n\t\t\t\t<section class=\"elementor-section elementor-top-section elementor-element elementor-element-acc21a9 elementor-section-boxed elementor-section-height-default elementor-section-height-default\" data-id=\"acc21a9\" data-element_type=\"section\" data-e-type=\"section\">\n\t\t\t\t\t\t<div class=\"elementor-container elementor-column-gap-default\">\n\t\t\t\t\t<div class=\"elementor-column elementor-col-100 elementor-top-column elementor-element elementor-element-dff1106\" data-id=\"dff1106\" data-element_type=\"column\" data-e-type=\"column\">\n\t\t\t<div class=\"elementor-widget-wrap elementor-element-populated\">\n\t\t\t\t\t\t<div class=\"elementor-element elementor-element-6b12f5f elementor-widget elementor-widget-text-editor\" data-id=\"6b12f5f\" data-element_type=\"widget\" data-e-type=\"widget\" data-widget_type=\"text-editor.default\">\n\t\t\t\t<div class=\"elementor-widget-container\">\n\t\t\t\t\t\t\t\t\t<p align=\"left\"><span style=\"font-size: medium;\"><b>&#8230;<\/b> pierwszy raz na Jasn\u0105 G\u00f3r\u0119 wyruszy\u0142a 1.08.2011 roku. Powsta\u0142a przy parafii \u015bw. Micha\u0142a Archanio\u0142a w \u015awiebodzinie. Organizatorem oraz duchowym przewodnikiem tej nowej grupy by\u0142 ks. Mieczys\u0142aw \u0141\u0119cki. W kolejnych latach przewodnikami byli: ks. Maciej Drozd, ks. Rafa\u0142 Goluch, ks. Marek Ogrodowiak a obecnie \u2013 ks. Tomasz Pastu\u0142a. Zazwyczaj w\u0119druje z nami kilkadziesi\u0105t os\u00f3b, s\u0105 to dzieci, m\u0142odzie\u017c i doro\u015bli. Charakterystyczne dla nas jest to, \u017ce na pocz\u0105tku ka\u017cdego etapu powierzamy si\u0119 opiece Patronowi naszej parafii, \u015bw. Micha\u0142owi Archanio\u0142owi.<\/span><\/span><\/p>\t\t\t\t\t\t\t\t<\/div>\n\t\t\t\t<\/div>\n\t\t\t\t\t<\/div>\n\t\t<\/div>\n\t\t\t\t\t<\/div>\n\t\t<\/section>\n\t\t\t\t<section class=\"elementor-section elementor-top-section elementor-element elementor-element-b7c8536 elementor-section-boxed elementor-section-height-default elementor-section-height-default\" data-id=\"b7c8536\" data-element_type=\"section\" data-e-type=\"section\">\n\t\t\t\t\t\t<div class=\"elementor-container elementor-column-gap-default\">\n\t\t\t\t\t<div class=\"elementor-column elementor-col-100 elementor-top-column elementor-element elementor-element-442ab90\" data-id=\"442ab90\" data-element_type=\"column\" data-e-type=\"column\">\n\t\t\t<div class=\"elementor-widget-wrap elementor-element-populated\">\n\t\t\t\t\t\t<div class=\"elementor-element elementor-element-4194cb5 elementor-widget elementor-widget-heading\" data-id=\"4194cb5\" data-element_type=\"widget\" data-e-type=\"widget\" data-widget_type=\"heading.default\">\n\t\t\t\t<div class=\"elementor-widget-container\">\n\t\t\t\t\t<h2 class=\"elementor-heading-title elementor-size-default\">Grupa srebrna<\/h2>\t\t\t\t<\/div>\n\t\t\t\t<\/div>\n\t\t\t\t\t<\/div>\n\t\t<\/div>\n\t\t\t\t\t<\/div>\n\t\t<\/section>\n\t\t\t\t<section class=\"elementor-section elementor-top-section elementor-element elementor-element-7a9f6ff elementor-section-boxed elementor-section-height-default elementor-section-height-default\" data-id=\"7a9f6ff\" data-element_type=\"section\" data-e-type=\"section\">\n\t\t\t\t\t\t<div class=\"elementor-container elementor-column-gap-default\">\n\t\t\t\t\t<div class=\"elementor-column elementor-col-100 elementor-top-column elementor-element elementor-element-e1b19d3\" data-id=\"e1b19d3\" data-element_type=\"column\" data-e-type=\"column\">\n\t\t\t<div class=\"elementor-widget-wrap elementor-element-populated\">\n\t\t\t\t\t\t<div class=\"elementor-element elementor-element-712c0f4 elementor-widget elementor-widget-text-editor\" data-id=\"712c0f4\" data-element_type=\"widget\" data-e-type=\"widget\" data-widget_type=\"text-editor.default\">\n\t\t\t\t<div class=\"elementor-widget-container\">\n\t\t\t\t\t\t\t\t\t<p align=\"left\"><span style=\"font-size: medium;\"><b>&#8230;<\/b> nale\u017cy do dekanatu Strzelce Kraje\u0144skie. Grupa istnieje przy parafii pw. \u015bw. Franciszka z Asy\u017cu w Strzelcach Kraje\u0144skich. Opiekunem grupy jest ks. Wojciech Lisiewicz. <\/span><\/span><\/p>\t\t\t\t\t\t\t\t<\/div>\n\t\t\t\t<\/div>\n\t\t\t\t\t<\/div>\n\t\t<\/div>\n\t\t\t\t\t<\/div>\n\t\t<\/section>\n\t\t\t\t<section class=\"elementor-section elementor-top-section elementor-element elementor-element-ef328b6 elementor-section-boxed elementor-section-height-default elementor-section-height-default\" data-id=\"ef328b6\" data-element_type=\"section\" data-e-type=\"section\">\n\t\t\t\t\t\t<div class=\"elementor-container elementor-column-gap-default\">\n\t\t\t\t\t<div class=\"elementor-column elementor-col-100 elementor-top-column elementor-element elementor-element-d67bba5\" data-id=\"d67bba5\" data-element_type=\"column\" data-e-type=\"column\">\n\t\t\t<div class=\"elementor-widget-wrap elementor-element-populated\">\n\t\t\t\t\t\t<div class=\"elementor-element elementor-element-79de46c elementor-widget elementor-widget-heading\" data-id=\"79de46c\" data-element_type=\"widget\" data-e-type=\"widget\" data-widget_type=\"heading.default\">\n\t\t\t\t<div class=\"elementor-widget-container\">\n\t\t\t\t\t<h2 class=\"elementor-heading-title elementor-size-default\">Grupa akademicka<\/h2>\t\t\t\t<\/div>\n\t\t\t\t<\/div>\n\t\t\t\t\t<\/div>\n\t\t<\/div>\n\t\t\t\t\t<\/div>\n\t\t<\/section>\n\t\t\t\t<section class=\"elementor-section elementor-top-section elementor-element elementor-element-767b524 elementor-section-boxed elementor-section-height-default elementor-section-height-default\" data-id=\"767b524\" data-element_type=\"section\" data-e-type=\"section\">\n\t\t\t\t\t\t<div class=\"elementor-container elementor-column-gap-default\">\n\t\t\t\t\t<div class=\"elementor-column elementor-col-100 elementor-top-column elementor-element elementor-element-9557d79\" data-id=\"9557d79\" data-element_type=\"column\" data-e-type=\"column\">\n\t\t\t<div class=\"elementor-widget-wrap elementor-element-populated\">\n\t\t\t\t\t\t<div class=\"elementor-element elementor-element-c1a3421 elementor-widget elementor-widget-text-editor\" data-id=\"c1a3421\" data-element_type=\"widget\" data-e-type=\"widget\" data-widget_type=\"text-editor.default\">\n\t\t\t\t<div class=\"elementor-widget-container\">\n\t\t\t\t\t\t\t\t\t<p align=\"left\"><span style=\"font-size: medium;\"><b>&#8230; <\/b>wyruszy\u0142a z Gorzowa Wlkp. na Jasn\u0105 G\u00f3r\u0119 ju\u017c ponad 20. Co roku tworzy j\u0105 zwarta ekipa os\u00f3b m\u0142odych (i nie tylko). Grupa wychodzi z parafii katedralnej. Atmosfera panuj\u0105ca w grupie jest bardzo rodzinna, przyjacielska. Przez lata, mimo nowych os\u00f3b, kt\u00f3re si\u0119 pojawiaj\u0105, wytworzy\u0142y si\u0119 ju\u017c pewne tradycje i zasady, kt\u00f3re sprawiaj\u0105, \u017ce grupa jest wyj\u0105tkowo oryginalna. W grupie codziennie na postojach odmawiana jest Liturgia Godzin. Opiekunami grupy s\u0105 ks. Rafa\u0142 Micha\u0142owski i ks. Piotr Kami\u0144ski<\/span><\/span><\/p>\t\t\t\t\t\t\t\t<\/div>\n\t\t\t\t<\/div>\n\t\t\t\t\t<\/div>\n\t\t<\/div>\n\t\t\t\t\t<\/div>\n\t\t<\/section>\n\t\t\t\t<section class=\"elementor-section elementor-top-section elementor-element elementor-element-e018e2c elementor-section-boxed elementor-section-height-default elementor-section-height-default\" data-id=\"e018e2c\" data-element_type=\"section\" data-e-type=\"section\">\n\t\t\t\t\t\t<div class=\"elementor-container elementor-column-gap-default\">\n\t\t\t\t\t<div class=\"elementor-column elementor-col-100 elementor-top-column elementor-element elementor-element-0c530af\" data-id=\"0c530af\" data-element_type=\"column\" data-e-type=\"column\">\n\t\t\t<div class=\"elementor-widget-wrap elementor-element-populated\">\n\t\t\t\t\t\t<div class=\"elementor-element elementor-element-a338673 elementor-widget elementor-widget-heading\" data-id=\"a338673\" data-element_type=\"widget\" data-e-type=\"widget\" data-widget_type=\"heading.default\">\n\t\t\t\t<div class=\"elementor-widget-container\">\n\t\t\t\t\t<h2 class=\"elementor-heading-title elementor-size-default\">Grupa t\u0119czowa<\/h2>\t\t\t\t<\/div>\n\t\t\t\t<\/div>\n\t\t\t\t\t<\/div>\n\t\t<\/div>\n\t\t\t\t\t<\/div>\n\t\t<\/section>\n\t\t\t\t<section class=\"elementor-section elementor-top-section elementor-element elementor-element-1753c1a elementor-section-boxed elementor-section-height-default elementor-section-height-default\" data-id=\"1753c1a\" data-element_type=\"section\" data-e-type=\"section\">\n\t\t\t\t\t\t<div class=\"elementor-container elementor-column-gap-default\">\n\t\t\t\t\t<div class=\"elementor-column elementor-col-100 elementor-top-column elementor-element elementor-element-d1db0ac\" data-id=\"d1db0ac\" data-element_type=\"column\" data-e-type=\"column\">\n\t\t\t<div class=\"elementor-widget-wrap elementor-element-populated\">\n\t\t\t\t\t\t<div class=\"elementor-element elementor-element-6419e83 elementor-widget elementor-widget-text-editor\" data-id=\"6419e83\" data-element_type=\"widget\" data-e-type=\"widget\" data-widget_type=\"text-editor.default\">\n\t\t\t\t<div class=\"elementor-widget-container\">\n\t\t\t\t\t\t\t\t\t<p align=\"left\"><span style=\"font-size: medium;\"><b>&#8230; <\/b>wyrusza z Kostrzyna nad Odr\u0105. Grupa wychodzi z parafii pw. Naj\u015bwi\u0119tszej Maryi Panny Matki Ko\u015bcio\u0142a. Wraz z pielgrzymami \u0142\u0105cz\u0105 si\u0119 pielgrzymi z innych parafii dekanatu. Opiekunem jest ks. Piotr Deptuch <b>\n<\/b><\/span><\/span><\/p>\t\t\t\t\t\t\t\t<\/div>\n\t\t\t\t<\/div>\n\t\t\t\t\t<\/div>\n\t\t<\/div>\n\t\t\t\t\t<\/div>\n\t\t<\/section>\n\t\t\t\t<\/div>\n\t\t","protected":false},"excerpt":{"rendered":"<p>40-lecie pieszej pielgrzymki z Gorzowa Wlkp. na Jasn\u0105 G\u00f3r\u0119 W miniony czwartek, 16 czerwca, Plac Katedralny o\u017cy\u0142! To za spraw\u0105 wydarze\u0144 i atrakcji, kt\u00f3re odby\u0142y si\u0119 tu\u017c po procesji wiernych w uroczysto\u015b\u0107 Bo\u017cego Cia\u0142a. Tego dnia \u015bwi\u0119towali\u015bmy 40-lecie pieszej pielgrzymki z Gorzowa Wlkp. na Jasn\u0105 G\u00f3r\u0119. Mo\u017cna by\u0142o obejrze\u0107 wyst\u0119py zespo\u0142\u00f3w m.in. Nowonarodzeni, Siloe, K\u0142odawianki&hellip; <br \/> <a class=\"read-more\" href=\"https:\/\/pielgrzymkagorzowska.diecezjazg.pl\/index.php\/informacje\/\">Dowiedz si\u0119 wi\u0119cej<\/a><\/p>\n","protected":false},"author":2,"featured_media":0,"parent":0,"menu_order":0,"comment_status":"closed","ping_status":"closed","template":"","meta":{"footnotes":""},"class_list":["post-149","page","type-page","status-publish","hentry"],"_links":{"self":[{"href":"https:\/\/pielgrzymkagorzowska.diecezjazg.pl\/index.php\/wp-json\/wp\/v2\/pages\/149","targetHints":{"allow":["GET"]}}],"collection":[{"href":"https:\/\/pielgrzymkagorzowska.diecezjazg.pl\/index.php\/wp-json\/wp\/v2\/pages"}],"about":[{"href":"https:\/\/pielgrzymkagorzowska.diecezjazg.pl\/index.php\/wp-json\/wp\/v2\/types\/page"}],"author":[{"embeddable":true,"href":"https:\/\/pielgrzymkagorzowska.diecezjazg.pl\/index.php\/wp-json\/wp\/v2\/users\/2"}],"replies":[{"embeddable":true,"href":"https:\/\/pielgrzymkagorzowska.diecezjazg.pl\/index.php\/wp-json\/wp\/v2\/comments?post=149"}],"version-history":[{"count":10,"href":"https:\/\/pielgrzymkagorzowska.diecezjazg.pl\/index.php\/wp-json\/wp\/v2\/pages\/149\/revisions"}],"predecessor-version":[{"id":464,"href":"https:\/\/pielgrzymkagorzowska.diecezjazg.pl\/index.php\/wp-json\/wp\/v2\/pages\/149\/revisions\/464"}],"wp:attachment":[{"href":"https:\/\/pielgrzymkagorzowska.diecezjazg.pl\/index.php\/wp-json\/wp\/v2\/media?parent=149"}],"curies":[{"name":"wp","href":"https:\/\/api.w.org\/{rel}","templated":true}]}}